{"id":6834,"date":"2023-10-02T11:25:01","date_gmt":"2023-10-02T10:25:01","guid":{"rendered":"http:\/\/www.snepfsu-amiens.net\/amiens\/?page_id=6834"},"modified":"2023-10-02T11:25:01","modified_gmt":"2023-10-02T10:25:01","slug":"diplome-universitaire-danse-a-amiens-2024-2025","status":"publish","type":"page","link":"https:\/\/snepfsu-amiens.net\/index.php\/diplome-universitaire-danse-a-amiens-2024-2025\/","title":{"rendered":"Dipl\u00f4me Universitaire Danse \u00e0 Amiens 2024-2025"},"content":{"rendered":"<p>Olivier Clarg\u00e9, prof au STAPS d&rsquo;Amiens\u00a0 ouvre un Dipl\u00f4me Universitaire\u00a0DANSE &#8211; CONDUITE DE PRATIQUES CHOR\u00c9GRAPHIQUES EN MILIEU SCOLAIRE ET P\u00c9RISCOLAIRE.<\/p>\n<p>Olivier est le formateur des 2 derni\u00e8res journ\u00e9es de formation danse organis\u00e9es par le SNEP-FSU Amiens.<\/p>\n<p>Retrouvez toutes les infos et modalit\u00e9s d&rsquo;inscriptions ici : <a href=\"https:\/\/www.u-picardie.fr\/catalogue-formations\/FI\/co\/du-dcpc.html?fbclid=IwAR2J5qoDd8YG-jGkvaFQu-a2sa9k6NYwNzv2tiFEN7CK8F3hcRiYaRPb3ng\" target=\"_blank\" rel=\"noopener\">Cliquez ICI\u00a0<\/a><\/p>\n<p>et un texte d&rsquo;accompagnement envoy\u00e9 par Olivier ci dessous :\u00a0<br \/>\nBonjour \u00e0 toutes et \u00e0 tous,\u00a0<\/p>\n<div><br clear=\"all\" \/><\/p>\n<div>\n<div dir=\"ltr\">\n<div dir=\"ltr\">\n<div dir=\"ltr\">\n<div><span style=\"font-family: arial, sans-serif;\">Je me permets de partager avec vous la cr\u00e9ation d&rsquo;un nouveau Dipl\u00f4me Universitaire\u00a0Danse\u00a0qui s&rsquo;ouvrira \u00e0 la rentr\u00e9e prochaine 2023-2024 au STAPS d&rsquo;Amiens.<\/span><\/div>\n<div>\u00a0<\/div>\n<div>Ce Dipl\u00f4me Universitaire,\u00a0\u00a0\u00bb Conduite de pratiques chor\u00e9graphiques en milieu scolaire et p\u00e9riscolaire\u00a0\u00bb,\u00a0s&rsquo;adresse aux\u00a0<a href=\"http:\/\/xn--tudiant-9xa.es\/\" target=\"_blank\" rel=\"noopener\" data-saferedirecturl=\"https:\/\/www.google.com\/url?q=http:\/\/xn--tudiant-9xa.es&amp;source=gmail&amp;ust=1696324180403000&amp;usg=AOvVaw00w-BC43gevF1H4i8NKmWI\">\u00e9tudiant.es<\/a>\u00a0en Master, \u00e0 tous les\u00a0<a href=\"http:\/\/enseignant.es\/\" target=\"_blank\" rel=\"noopener\" data-saferedirecturl=\"https:\/\/www.google.com\/url?q=http:\/\/enseignant.es&amp;source=gmail&amp;ust=1696324180403000&amp;usg=AOvVaw2ulY_W1Uw0AR4XSnV_iQ9H\">enseignant.es<\/a>\u00a0de l&rsquo;\u00c9ducation Nationale quel que soit leur discipline d&rsquo;enseignement, aux\u00a0<a href=\"http:\/\/enseignant.es\/\" target=\"_blank\" rel=\"noopener\" data-saferedirecturl=\"https:\/\/www.google.com\/url?q=http:\/\/enseignant.es&amp;source=gmail&amp;ust=1696324180403000&amp;usg=AOvVaw2ulY_W1Uw0AR4XSnV_iQ9H\">enseignant.es<\/a>\u00a0qui souhaitent postuler ou sont d\u00e9j\u00e0 en poste en Option\u00a0Danse\u00a0ou Enseignement de Sp\u00e9cialit\u00e9\u00a0Danse, S2TMD, ainsi qu&rsquo;aux m\u00e9diateur-rices culturel.les, en compl\u00e9ment de leur formation, pour se sp\u00e9cialiser davantage dans la transmission et la connaissance de la\u00a0Danse.\u00a0<\/div>\n<div><span style=\"font-family: arial, sans-serif;\">Je pr\u00e9cise\u00a0qu&rsquo;aucun pr\u00e9 requis n&rsquo;est\u00a0demand\u00e9 pour suivre cette formation.\u00a0<\/span><\/div>\n<div><span style=\"font-family: arial, sans-serif;\">\u00a0<\/span><\/div>\n<div><span style=\"font-family: arial, sans-serif;\"><span style=\"color: #000000;\">Sur le terrain, les discours des professionnels pointent un manque de l\u00e9gitimit\u00e9 relevant de lacunes en termes de pratique et de connaissance<\/span>\u00a0du\u00a0<span style=\"color: #000000;\">champ chor\u00e9graphique.\u00a0<\/span><\/span><span style=\"color: #000000;\">Les\u00a0<a href=\"http:\/\/enseignant.es\/\" target=\"_blank\" rel=\"noopener\" data-saferedirecturl=\"https:\/\/www.google.com\/url?q=http:\/\/enseignant.es&amp;source=gmail&amp;ust=1696324180403000&amp;usg=AOvVaw2ulY_W1Uw0AR4XSnV_iQ9H\">enseignant.es<\/a>\u00a0expriment pourtant l\u2019envie et le besoin de se former et d\u2019\u00eatre accompagn\u00e9s pour proposer un enseignement pertinent de cette activit\u00e9. L\u2019activit\u00e9<\/span>\u00a0Danse\u00a0<span style=\"color: #000000;\">figure dans les programmes d\u2019EPS,\u00a0activit\u00e9\u00a0obligatoire en classe de Seconde ( Activit\u00e9 Danse ou Cirque), peu respect\u00e9 par les\u00a0<a href=\"http:\/\/enseignant.es\/\" target=\"_blank\" rel=\"noopener\" data-saferedirecturl=\"https:\/\/www.google.com\/url?q=http:\/\/enseignant.es&amp;source=gmail&amp;ust=1696324180403000&amp;usg=AOvVaw2ulY_W1Uw0AR4XSnV_iQ9H\">enseignant.es<\/a>\u00a0fautes de formation et\/ou de l\u00e9gitimit\u00e9&#8230;. L&rsquo;activit\u00e9 danse est absente de la formation<\/span>\u00a0du\u00a0<span style=\"color: #000000;\">premier degr\u00e9, elle est articul\u00e9 \u00e0 l\u2019histoire des Arts.\u00a0<\/span><span style=\"font-family: arial, sans-serif;\">\u00a0L&rsquo;\u00c9ducation Artistique et Culturelle est essentiel aupr\u00e8s de tous les publics\u00a0<\/span>de l&rsquo;\u00c9ducation Nationale.\u00a0<\/div>\n<div>\n<div title=\"Page 2\">\n<p><span style=\"font-family: arial, sans-serif;\">Aucune formation n&rsquo;est propos\u00e9e par l&rsquo;\u00c9ducation Nationale pour\u00a0enseigner cette activit\u00e9 Danse, ou des formations d&rsquo;une journ\u00e9e ou de tr\u00e8s courte dur\u00e9e, tr\u00e8s insuffisantes pour acqu\u00e9rir des comp\u00e9tences et \u00eatre \u00e0 l&rsquo;aise et en confiance devant les \u00e9l\u00e8ves pour enseigner cette\u00a0activit\u00e9.\u00a0<\/span>Les\u00a0<a href=\"http:\/\/enseignant.es\/\" target=\"_blank\" rel=\"noopener\" data-saferedirecturl=\"https:\/\/www.google.com\/url?q=http:\/\/enseignant.es&amp;source=gmail&amp;ust=1696324180403000&amp;usg=AOvVaw2ulY_W1Uw0AR4XSnV_iQ9H\">enseignant.es<\/a>\u00a0n\u2019ont pas de formation sp\u00e9cifique dans ce domaine, seulement\u00a0quelques\u00a0heures dans leur formation universitaire, selon la volont\u00e9 de la direction des UFR..<\/p>\n<p><span style=\"font-family: arial, sans-serif;\">S<span style=\"color: #000000;\">eule une Certification Compl\u00e9mentaire<\/span>\u00a0Danse<span style=\"color: #000000;\">\u00a0permet de\u00a0<\/span><span style=\"color: #000000;\">valider des comp\u00e9tences sans formation donc peu contraignantes en termes de contenus et qui rel\u00e8ve d\u2019une d\u00e9marche de formation personnelle de ces enseignants concernant ce champ artistique.\u00a0<\/span><\/span><\/p>\n<\/div>\n<\/div>\n<div><span style=\"font-family: arial, sans-serif;\">Pour toutes ces raisons, j&rsquo;ai cr\u00e9\u00e9 ce D.U.\u00a0Danse, pr\u00e9sent\u00e9, vot\u00e9 et\u00a0valid\u00e9 \u00e0 l&rsquo;unanimit\u00e9 lors de la Commission\u00a0du\u00a0CFVU \u00e0 l&rsquo;Universit\u00e9 Jules Verne Picardie le 16 f\u00e9vrier 2023.\u00a0<\/span><\/div>\n<div><span style=\"font-family: arial, sans-serif;\">\u00a0<\/span><\/div>\n<div><span style=\"font-family: arial, sans-serif;\">Je vous envoie le lien\u00a0complet de pr\u00e9sentation de ce Dipl\u00f4me Universitaire \u00a0\u00bb Conduite de pratiques chor\u00e9graphiques en milieu scolaire et p\u00e9riscolaire\u00a0\u00bb \u00e0 partager aupr\u00e8s de vos\u00a0<span style=\"color: #1155cc;\"><u><a href=\"http:\/\/enseignant.es\/\" target=\"_blank\" rel=\"noopener\" data-saferedirecturl=\"https:\/\/www.google.com\/url?q=http:\/\/enseignant.es&amp;source=gmail&amp;ust=1696324180404000&amp;usg=AOvVaw2y0fm3sY6Rnn3gDTncXILd\">enseignant.es<\/a><\/u><\/span>\u00a0, m\u00e9diateurs.trices ou\u00a0<a href=\"http:\/\/xn--tudiant-9xa.es\/\" target=\"_blank\" rel=\"noopener\" data-saferedirecturl=\"https:\/\/www.google.com\/url?q=http:\/\/xn--tudiant-9xa.es&amp;source=gmail&amp;ust=1696324180404000&amp;usg=AOvVaw31gUK70reYpQENogEbcZWg\">\u00e9tudiant.es<\/a>\u00a0en Master. La formation se passe sur les p\u00e9riodes des vacances scolaires.\u00a0<\/span>Le co\u00fbt de la formation est de 1110 \u20ac\u00a0+ 90 \u20ac d&rsquo;inscription, soit 1200 \u20ac.\u00a0<\/div>\n<div>\n<div>\nVoici les dates pr\u00e9cises de formation :\u00a0<\/div>\n<div>LUNDI 30 OCTOBRE AU 3 NOVEMBRE 2023<br \/>\nLUNDI 4 MARS AU 8 MARS 2024<br \/>\nLUNDI 22 AVRIL AU 26 AVRIL 2024<br \/>\nLUNDI 29 AVRIL AU 3 MAI 2024<\/div>\n<div>\u00a0<\/div>\n<div><span style=\"color: #000000; font-family: Menlo, Consolas, Lucida Console, DejaVu Sans Mono, monospace;\">Si vous \u00eates dans un autre acad\u00e9mie, il est possible de demander une\u00a0disponibilit\u00e9 pour vivre cette formation.\u00a0<\/span><\/div>\n<div><span style=\"color: #000000; font-family: Menlo, Consolas, Lucida Console, DejaVu Sans Mono, monospace;\">Pour toutes questions administratives li\u00e9es aux\u00a0p\u00e9riodes de\u00a0formation, financement&#8230;, un num\u00e9ro de t\u00e9l\u00e9phone est\u00a0indiqu\u00e9 sur la fiche de pr\u00e9sentation : formation continue de l&rsquo;UPJV.\u00a0<\/span><\/div>\n<\/div>\n<\/div>\n<\/div>\n<\/div>\n<\/div>\n<\/div>\n<div>\n<div dir=\"ltr\">\n<div dir=\"ltr\">\n<div dir=\"ltr\">\n<div><span style=\"font-family: arial, sans-serif;\">\u00a0<\/span><\/div>\n<div><span style=\"font-family: arial, sans-serif;\">Je me pr\u00e9sente si\u00a0vous ne me connaissez pas :<\/span><\/div>\n<div><span style=\"font-family: arial, sans-serif;\">\u00a0 \u00a0 \u00a0 \u00a0 Actuellement professeur certifi\u00e9 d\u2019EPS au poste d&rsquo;Enseignement des Activit\u00e9s Artistiques au STAPS d&rsquo;Amiens, pr\u00e9c\u00e9demment au poste \u00ab Enseignement de Sp\u00e9cialit\u00e9\u00a0Danse\u00a0et d\u2019Option\u00a0Danse\u00a0\u00bb\u00a0du\u00a0Lyc\u00e9e Charles de Gaulle de Rosny-Sous-Bois de 2017 \u00e0 2020 dans l\u2019Acad\u00e9mie de Cr\u00e9teil et \u00e0 l&rsquo;\u00c9cole de\u00a0Danse\u00a0de l&rsquo;Op\u00e9ra de Paris de 2019 \u00e0 2020, Olivier Clarg\u00e9 est \u00e9galement titulaire\u00a0du\u00a0Dipl\u00f4me d\u2019\u00c9tat de Professeur de\u00a0Danse\u00a0Contemporaine obtenu en 2002.<br \/>\nDanseur Interpr\u00e8te de 1993 \u00e0 2013 pour diff\u00e9rentes compagnies de\u00a0danse\u00a0contemporaine dont Andy Degroat \/ Cie Red Notes, Daniel Larrieu \/ Cie Astrakan, Mi\u00e9 Coquempot \/ Cie K622, Fabrice Ramalingom &amp; H\u00e9l\u00e8ne Cathala \/ Cie La Camionetta, Michel Kelemenis \/ Cie Plaisir d\u2019Offrir, St\u00e9phanie Aubin \/ Cie Larsen\u2026, il enseigne de 2002 \u00e0 2012 ponctuellement \u00e0 la fois en conservatoire pour des masters classes, \u00e0 l\u2019Universit\u00e9, mais aussi dans le cadre de l&rsquo;\u00c9ducation Nationale pour des classes\u00a0du\u00a0premier et second degr\u00e9.<br \/>\n\u00a0 \u00a0 \u00a0 \u00a0 En 2018, il est invit\u00e9 par le Conseil Sup\u00e9rieur des Programmes pour la conception et l\u2019\u00e9criture des nouveaux programmes d\u2019Option\u00a0Danse\u00a0et d\u2019Enseignement de Sp\u00e9cialit\u00e9\u00a0Danse\u00a0pour le nouveau BAC.<br \/>\nCarole S\u00e8ve &#8211; Inspectrice de l&rsquo;\u00c9ducation Nationale et Agn\u00e8s Bretel &#8211; Inspectrice de la\u00a0Danse, le sollicitent pour participer, en tant que conseiller\u00a0danse, \u00e0 l\u2019\u00e9laboration des nouveaux programmes\u00a0du\u00a0S2TMD.<br \/>\n<\/span><\/div>\n<div><span style=\"font-family: arial, sans-serif;\">\u00a0<\/span><\/div>\n<div><span style=\"font-family: arial, sans-serif;\">Je vous remercie de\u00a0partager l&rsquo;existence de ce Dipl\u00f4me Universitaire Danse que j&rsquo;ai cr\u00e9\u00e9 pour aider les\u00a0<a href=\"http:\/\/enseignant.es\/\" target=\"_blank\" rel=\"noopener\" data-saferedirecturl=\"https:\/\/www.google.com\/url?q=http:\/\/enseignant.es&amp;source=gmail&amp;ust=1696324180404000&amp;usg=AOvVaw2y0fm3sY6Rnn3gDTncXILd\">enseignant.es<\/a>\u00a0\u00e0\u00a0d\u00e9velopper et d\u00e9fendre l&rsquo;\u00c9ducation Artistique et Culturelle \u00e0 l&rsquo;\u00c9cole.\u00a0<\/span><\/div>\n<div><span style=\"font-family: arial, sans-serif;\">\u00a0<\/span><\/div>\n<div><span style=\"font-family: arial, sans-serif;\">Bien cordialement,\u00a0<\/span><\/div>\n<div><span style=\"font-family: arial, sans-serif;\">Olivier Clarg\u00e9\u00a0<\/span><\/div>\n<\/div>\n<\/div>\n<\/div>\n<\/div>\n","protected":false},"excerpt":{"rendered":"<p>Olivier Clarg\u00e9, prof au STAPS d&rsquo;Amiens\u00a0 ouvre un Dipl\u00f4me Universitaire\u00a0DANSE &#8211; CONDUITE DE PRATIQUES CHOR\u00c9GRAPHIQUES EN MILIEU SCOLAIRE ET P\u00c9RISCOLAIRE.<\/p>\n","protected":false},"author":1,"featured_media":0,"parent":0,"menu_order":0,"comment_status":"closed","ping_status":"closed","template":"","meta":{"colormag_page_container_layout":"default_layout","colormag_page_sidebar_layout":"default_layout","footnotes":""},"class_list":["post-6834","page","type-page","status-publish","hentry"],"_links":{"self":[{"href":"https:\/\/snepfsu-amiens.net\/index.php\/wp-json\/wp\/v2\/pages\/6834","targetHints":{"allow":["GET"]}}],"collection":[{"href":"https:\/\/snepfsu-amiens.net\/index.php\/wp-json\/wp\/v2\/pages"}],"about":[{"href":"https:\/\/snepfsu-amiens.net\/index.php\/wp-json\/wp\/v2\/types\/page"}],"author":[{"embeddable":true,"href":"https:\/\/snepfsu-amiens.net\/index.php\/wp-json\/wp\/v2\/users\/1"}],"replies":[{"embeddable":true,"href":"https:\/\/snepfsu-amiens.net\/index.php\/wp-json\/wp\/v2\/comments?post=6834"}],"version-history":[{"count":0,"href":"https:\/\/snepfsu-amiens.net\/index.php\/wp-json\/wp\/v2\/pages\/6834\/revisions"}],"wp:attachment":[{"href":"https:\/\/snepfsu-amiens.net\/index.php\/wp-json\/wp\/v2\/media?parent=6834"}],"curies":[{"name":"wp","href":"https:\/\/api.w.org\/{rel}","templated":true}]}}