{"id":5818,"date":"2021-01-14T21:44:16","date_gmt":"2021-01-14T20:44:16","guid":{"rendered":"http:\/\/www.snepfsu-amiens.net\/amiens\/?page_id=5818"},"modified":"2021-01-14T21:44:16","modified_gmt":"2021-01-14T20:44:16","slug":"lettre-dinfo-janvier-2021","status":"publish","type":"page","link":"https:\/\/snepfsu-amiens.net\/index.php\/lettre-dinfo-janvier-2021\/","title":{"rendered":"Lettre d&rsquo;info janvier 2021"},"content":{"rendered":"\t\t<div data-elementor-type=\"wp-page\" data-elementor-id=\"5818\" class=\"elementor elementor-5818 elementor-bc-flex-widget\">\n\t\t\t\t\t\t<section class=\"elementor-section elementor-top-section elementor-element elementor-element-5e88550 elementor-section-boxed elementor-section-height-default elementor-section-height-default\" data-id=\"5e88550\" data-element_type=\"section\" data-e-type=\"section\">\n\t\t\t\t\t\t<div class=\"elementor-container elementor-column-gap-default\">\n\t\t\t\t\t<div class=\"elementor-column elementor-col-100 elementor-top-column elementor-element elementor-element-23541d1\" data-id=\"23541d1\" data-element_type=\"column\" data-e-type=\"column\">\n\t\t\t<div class=\"elementor-widget-wrap elementor-element-populated\">\n\t\t\t\t\t\t<div class=\"elementor-element elementor-element-30aecd8 elementor-widget elementor-widget-text-editor\" data-id=\"30aecd8\" data-element_type=\"widget\" data-e-type=\"widget\" data-widget_type=\"text-editor.default\">\n\t\t\t\t\t\t\t\t\t<p style=\"text-align: center;\">EPS : TOUS DEHORS !<\/p>\n<p style=\"font-weight: 400;\">Le Snep-Fsu a aussit\u00f4t r\u00e9agi aux annonces du premier ministre du jeudi 14 janvier 2021 en publiant <a href=\"https:\/\/2l1i3.r.ag.d.sendibm3.com\/mk\/mr\/DdHC5pL07DvEoX18IYsQKvtIUKVWporpxIKRhJKwuQoP4v170dbuHrXevEqO94tSyUJuWliYJOtj_6s3g1q27zrlEB6MkORD2TvwhFS2cWbJ\" target=\"_blank\" rel=\"noopener\">un communiqu\u00e9 de presse que nous avons re\u00e7u par mail et titr\u00e9\u00a0: \u00ab\u00a0EPS Tous dehors\u00a0\u00bb.<\/a>\u00a0Nous vous encourageons \u00e0 ne pas vous r\u00e9signer, faisons corps, une fois de plus pour d\u00e9passer la sid\u00e9ration et la col\u00e8re et rebondir \u00e0 nouveau.\u00a0C&rsquo;est le moment de jouer collectif, de rassembler cette col\u00e8re commune le 26 janvier. Tous dehors dans nos bahuts, tous dehors dans la rue le 26\/01.<\/p>\n<p style=\"font-weight: 400;\">Laurent Florin, notre coll\u00e8gue du lyc\u00e9e de Noyon, illustre parfaitement ce que nous ressentons. Mieux vaut en rire\u2026<\/p>\t\t\t\t\t\t\t\t<\/div>\n\t\t\t\t<div class=\"elementor-element elementor-element-6763073 elementor-widget elementor-widget-image\" data-id=\"6763073\" data-element_type=\"widget\" data-e-type=\"widget\" data-widget_type=\"image.default\">\n\t\t\t\t\t\t\t\t\t\t\t\t\t\t\t<img decoding=\"async\" src=\"http:\/\/www.snepfsu-amiens.net\/amiens\/wp-content\/uploads\/2021\/01\/laurent-Florin-EPS-sous-la-pluie.jpg\" title=\"\" alt=\"\" loading=\"lazy\" \/>\t\t\t\t\t\t\t\t\t\t\t\t\t\t\t<\/div>\n\t\t\t\t\t<\/div>\n\t\t<\/div>\n\t\t\t\t\t<\/div>\n\t\t<\/section>\n\t\t\t\t<section class=\"elementor-section elementor-top-section elementor-element elementor-element-44e8a451 elementor-section-boxed elementor-section-height-default elementor-section-height-default\" data-id=\"44e8a451\" data-element_type=\"section\" data-e-type=\"section\">\n\t\t\t\t\t\t<div class=\"elementor-container elementor-column-gap-default\">\n\t\t\t\t\t<div class=\"elementor-column elementor-col-100 elementor-top-column elementor-element elementor-element-5dc63119\" data-id=\"5dc63119\" data-element_type=\"column\" data-e-type=\"column\">\n\t\t\t<div class=\"elementor-widget-wrap elementor-element-populated\">\n\t\t\t\t\t\t<div class=\"elementor-element elementor-element-3be58cdb elementor-widget elementor-widget-text-editor\" data-id=\"3be58cdb\" data-element_type=\"widget\" data-e-type=\"widget\" data-widget_type=\"text-editor.default\">\n\t\t\t\t\t\t\t\t\t<p style=\"text-align: justify;\"><img decoding=\"async\" class=\"alignright\" src=\"http:\/\/www.snepfsu-amiens.net\/amiens\/wp-content\/uploads\/2015\/10\/michel.jpg\" alt=\"\" width=\"144\" height=\"150\" \/><span class=\"matmenu\">Faire corps<\/span><\/p>\n<p style=\"text-align: justify;\">L\u2019ann\u00e9e 2020 est morte, vive l\u2019ann\u00e9e 2021\u00a0!<\/p>\n<p style=\"text-align: justify;\">Inutile de revenir sur l\u2019ann\u00e9e \u00e9coul\u00e9e qui restera de triste m\u00e9moire.\u00a0<span style=\"font-family: sourcesanspro-light-webfont, 'sans serif'; font-size: 18px;\">Tournons-nous r\u00e9solument vers 2021 avec optimisme, avec quelques r\u00e9serves toutefois comme aurait dit Brassens.<\/span><\/p>\n<p style=\"text-align: justify;\">Au cours de la p\u00e9riode \u00e9coul\u00e9e, les militants du Snep-Fsu de l\u2019acad\u00e9mie d\u2019Amiens ont \u00e9t\u00e9 fortement sollicit\u00e9s par des coll\u00e8gues en difficult\u00e9 dans leur \u00e9tablissement scolaire, le plus souvent en raison de relations parfois tendues avec leur chef d\u2019\u00e9tablissement.<\/p>\n<p style=\"text-align: justify;\">Il semblerait que \u00e7a soit une tendance lourde \u00e0 laquelle le new public management n\u2019est certainement pas \u00e9tranger.<\/p>\n<p style=\"text-align: justify;\">Afin de ne pas se laisser submerger par cette ambiance d\u00e9l\u00e9t\u00e8re, le premier conseil \u00e0 donner est de ne pas s\u2019isoler et de ne pas garder pour soi ce qui nous g\u00e2che le m\u00e9tier.<\/p>\n<p style=\"text-align: justify;\">En d\u2019autres termes, et face \u00e0 l\u2019adversit\u00e9, il s\u2019agit de faire corps et de se rassembler afin d\u2019envisager l\u2019ann\u00e9e \u00e0 venir et les suivantes avec davantage de s\u00e9r\u00e9nit\u00e9 et d\u2019esp\u00e9rance.<\/p>\n<p style=\"text-align: justify;\">Faire corps, quoi de plus naturel pour les enseignants d\u2019EPS dont c\u2019est le c\u0153ur de m\u00e9tier et qui disposent d\u2019un syndicat pour les informer, les conseiller et les d\u00e9fendre.\u00a0<\/p>\n<p style=\"text-align: justify;\">\u00a0\u00ab\u00a0Tout seul on va vite, ensemble on va loin\u00a0\u00bb peut-on lire sur les bulletins de syndicalisation du Snep-Fsu Amiens. Et comme la route est encore longue et sem\u00e9e d\u2019emb\u00fbches, faisons corps en adh\u00e9rant au\u00a0<span style=\"font-family: sourcesanspro-light-webfont, 'sans serif'; font-size: 18px; font-style: normal; font-variant-ligatures: normal; font-variant-caps: normal; font-weight: 400;\">Snep-Fsu.<\/span><\/p>\n<p style=\"text-align: justify;\">Au nom de ses militants, je vous pr\u00e9sente mes meilleurs v\u0153ux pour l\u2019ann\u00e9e qui commence.<\/p>\n<p style=\"text-align: justify;\">Michel Gu\u00e9lou<\/p>\n<p>\u00a0<\/p>\t\t\t\t\t\t\t\t<\/div>\n\t\t\t\t\t<\/div>\n\t\t<\/div>\n\t\t\t\t\t<\/div>\n\t\t<\/section>\n\t\t\t\t<section class=\"elementor-section elementor-top-section elementor-element elementor-element-6f38798 elementor-section-boxed elementor-section-height-default elementor-section-height-default\" data-id=\"6f38798\" data-element_type=\"section\" data-e-type=\"section\">\n\t\t\t\t\t\t<div class=\"elementor-container elementor-column-gap-default\">\n\t\t\t\t\t<div class=\"elementor-column elementor-col-100 elementor-top-column elementor-element elementor-element-873ba8f\" data-id=\"873ba8f\" data-element_type=\"column\" data-e-type=\"column\">\n\t\t\t<div class=\"elementor-widget-wrap elementor-element-populated\">\n\t\t\t\t\t\t<div class=\"elementor-element elementor-element-af3af08 elementor-widget elementor-widget-image\" data-id=\"af3af08\" data-element_type=\"widget\" data-e-type=\"widget\" data-widget_type=\"image.default\">\n\t\t\t\t\t\t\t\t\t\t\t\t\t\t\t<img decoding=\"async\" src=\"http:\/\/www.snepfsu-amiens.net\/amiens\/wp-content\/uploads\/2021\/01\/Greve26012021.jpg\" title=\"\" alt=\"\" loading=\"lazy\" \/>\t\t\t\t\t\t\t\t\t\t\t\t\t\t\t<\/div>\n\t\t\t\t\t<\/div>\n\t\t<\/div>\n\t\t\t\t\t<\/div>\n\t\t<\/section>\n\t\t\t\t<section class=\"elementor-section elementor-top-section elementor-element elementor-element-b181c17 elementor-section-boxed elementor-section-height-default elementor-section-height-default\" data-id=\"b181c17\" data-element_type=\"section\" data-e-type=\"section\">\n\t\t\t\t\t\t<div class=\"elementor-container elementor-column-gap-default\">\n\t\t\t\t\t<div class=\"elementor-column elementor-col-100 elementor-top-column elementor-element elementor-element-3466893\" data-id=\"3466893\" data-element_type=\"column\" data-e-type=\"column\">\n\t\t\t<div class=\"elementor-widget-wrap elementor-element-populated\">\n\t\t\t\t\t\t<div class=\"elementor-element elementor-element-c034169 elementor-widget elementor-widget-text-editor\" data-id=\"c034169\" data-element_type=\"widget\" data-e-type=\"widget\" data-widget_type=\"text-editor.default\">\n\t\t\t\t\t\t\t\t\t<p style=\"text-align: center;\"><span class=\"matmenu\"><b style=\"font-style: inherit; font-variant-ligatures: inherit; font-variant-caps: inherit; text-align: center;\">Le d\u00e9ni de r\u00e9alit\u00e9 \u00e7a suffit\u00a0!<\/b><\/span><\/p>\n<p>Les salaires, la rentr\u00e9e 2021, la gestion de la crise sanitaire, le manque de consid\u00e9ration, la loi de transformation de la fonction publique, autant de bonnes raisons d\u2019\u00eatre en gr\u00e8ve le mardi 26 janvier 2021.<\/p>\t\t\t\t\t\t\t\t<\/div>\n\t\t\t\t\t<\/div>\n\t\t<\/div>\n\t\t\t\t\t<\/div>\n\t\t<\/section>\n\t\t\t\t<section class=\"elementor-section elementor-top-section elementor-element elementor-element-7dfed795 elementor-section-boxed elementor-section-height-default elementor-section-height-default\" data-id=\"7dfed795\" data-element_type=\"section\" data-e-type=\"section\">\n\t\t\t\t\t\t<div class=\"elementor-container elementor-column-gap-default\">\n\t\t\t\t\t<div class=\"elementor-column elementor-col-50 elementor-top-column elementor-element elementor-element-47296d71\" data-id=\"47296d71\" data-element_type=\"column\" data-e-type=\"column\">\n\t\t\t<div class=\"elementor-widget-wrap elementor-element-populated\">\n\t\t\t\t\t\t<div class=\"elementor-element elementor-element-3ed6870b elementor-widget elementor-widget-text-editor\" data-id=\"3ed6870b\" data-element_type=\"widget\" data-e-type=\"widget\" data-widget_type=\"text-editor.default\">\n\t\t\t\t\t\t\t\t\t<p style=\"text-align: justify;\"><strong><span class=\"matmenu\">Lieux et Horaires des manifs<\/span><br \/><\/strong><\/p>\n<p><u style=\"font-weight: bold;\">Aisne :\u00a0<\/u>10H00 place Foch devant le lyc\u00e9e Paul Claudel \u00e0 LAON<\/p>\n<p><b><u>Oise :<\/u><\/b><span style=\"font-weight: 400;\"> 9h30 devant le lyc\u00e9e Marie Curie de Nogent\/Oise<\/span><\/p>\n<p style=\"font-weight: 400;\">10h devant la Mairie \u00e0 Compi\u00e8gne<\/p>\n<p style=\"font-weight: 400;\">14h devant la DSDEN \u00e0 Beauvais<\/p>\n<p><u><b>Somme :<\/b><\/u>\u00a0 12h30 devant le lyc\u00e9e Abbeville<\/p>\n<p>14 h Cit\u00e9 scolaire Amiens (Bvd de St Quentin)<\/p>\n<p style=\"text-align: justify;\">\u00a0<\/p>\t\t\t\t\t\t\t\t<\/div>\n\t\t\t\t\t<\/div>\n\t\t<\/div>\n\t\t\t\t<div class=\"elementor-column elementor-col-50 elementor-top-column elementor-element elementor-element-33a1c220\" data-id=\"33a1c220\" data-element_type=\"column\" data-e-type=\"column\">\n\t\t\t<div class=\"elementor-widget-wrap elementor-element-populated\">\n\t\t\t\t\t\t<div class=\"elementor-element elementor-element-1574de51 elementor-widget elementor-widget-text-editor\" data-id=\"1574de51\" data-element_type=\"widget\" data-e-type=\"widget\" data-widget_type=\"text-editor.default\">\n\t\t\t\t\t\t\t\t\t<p style=\"text-align: justify;\"><span class=\"matmenu\"><strong>Calendrier des mobilisations\u00a0<\/strong><\/span><\/p>\n<p>Cette journ\u00e9e d\u2019action s\u2019inscrit dans une p\u00e9riode de mobilisations multi-sectorielles :<\/p>\n<p>&#8211; 19\/01\/2021\u00a0: les Assistant.e.s d&rsquo;Education (AED)<\/p>\n<p>&#8211; 21\/01\/2021\u00a0: les personnels soignants<\/p>\n<p>&#8211; 26\/01\/2021\u00a0: l\u2019Education Nationale<\/p>\n<p>&#8211; 28\/01\/2021\u00a0: secteur de l&rsquo;\u00e9nergie<\/p>\n<p>&#8211; 4\/02\/201\u00a0: appel inter professionnel<\/p>\t\t\t\t\t\t\t\t<\/div>\n\t\t\t\t\t<\/div>\n\t\t<\/div>\n\t\t\t\t\t<\/div>\n\t\t<\/section>\n\t\t\t\t<section class=\"elementor-section elementor-top-section elementor-element elementor-element-7141ad3 elementor-section-boxed elementor-section-height-default elementor-section-height-default\" data-id=\"7141ad3\" data-element_type=\"section\" data-e-type=\"section\">\n\t\t\t\t\t\t<div class=\"elementor-container elementor-column-gap-default\">\n\t\t\t\t\t<div class=\"elementor-column elementor-col-50 elementor-top-column elementor-element elementor-element-5b88e10\" data-id=\"5b88e10\" data-element_type=\"column\" data-e-type=\"column\">\n\t\t\t<div class=\"elementor-widget-wrap elementor-element-populated\">\n\t\t\t\t\t\t<div class=\"elementor-element elementor-element-ad064f0 elementor-widget elementor-widget-text-editor\" data-id=\"ad064f0\" data-element_type=\"widget\" data-e-type=\"widget\" data-widget_type=\"text-editor.default\">\n\t\t\t\t\t\t\t\t\t<p style=\"text-align: justify;\"><span class=\"matmenu\"><b style=\"font-style: inherit; font-variant-ligatures: inherit; font-variant-caps: inherit; text-align: center;\">Indemnit\u00e9 Ulis<\/b><\/span><\/p>\n<p style=\"text-align: justify;\">A l\u2019occasion des AG UNSS du mois de septembre 2020, les militants du Snep-Fsu vous avaient inform\u00e9s sur l\u2019indemnit\u00e9 Ulis et encourag\u00e9s \u00e0 la demander aupr\u00e8s de votre chef d\u2019\u00e9tablissement.<\/p>\n<p style=\"text-align: justify;\">Syst\u00e9matiquement, les services du rectorat fortement sollicit\u00e9s sur la question, ont r\u00e9pondu que nous n\u2019y avons pas droit.<\/p>\n<p style=\"text-align: justify;\">Ce dossier est suivi de pr\u00e8s par la direction nationale du SNEP.<\/p>\n<p style=\"text-align: justify;\">Jusqu\u2019\u00e0 pr\u00e9sent, le minist\u00e8re ne veut pas sortir d\u2019une application stricte du d\u00e9cret qui pr\u00e9cise qu\u2019il faut \u00eatre affect\u00e9 dans la structure pour pouvoir b\u00e9n\u00e9ficier de l\u2019indemnit\u00e9 correspondante. Or ce n\u2019est le cas que pour le coordonnateur, la coordonnatrice de l\u2019ULIS.<\/p>\n<p style=\"text-align: justify;\">Cependant le SNEP continuera\u00a0 de mettre la pression car il consid\u00e8re cette r\u00e9ponse comme injuste et injustifi\u00e9e.<\/p>\n<p style=\"text-align: justify;\">Dans ce cadre, nous vous inciterons \u00e0 demander \u00e0 chaque nouvelle rentr\u00e9e scolaire de percevoir cette indemnit\u00e9 sp\u00e9cifique pour que le minist\u00e8re ait des remont\u00e9es des rectorats sur cette question. Le minist\u00e8re en a eu d\u00e9j\u00e0 beaucoup (dont celles d\u2019Amiens\u2026), ce qui\u00a0montre que le sujet devra \u00eatre trait\u00e9.<\/p>\t\t\t\t\t\t\t\t<\/div>\n\t\t\t\t\t<\/div>\n\t\t<\/div>\n\t\t\t\t<div class=\"elementor-column elementor-col-50 elementor-top-column elementor-element elementor-element-4b01537\" data-id=\"4b01537\" data-element_type=\"column\" data-e-type=\"column\">\n\t\t\t<div class=\"elementor-widget-wrap elementor-element-populated\">\n\t\t\t\t\t\t<div class=\"elementor-element elementor-element-049a117 elementor-widget elementor-widget-text-editor\" data-id=\"049a117\" data-element_type=\"widget\" data-e-type=\"widget\" data-widget_type=\"text-editor.default\">\n\t\t\t\t\t\t\t\t\t<p style=\"text-align: justify;\"><span class=\"matmenu\"><strong>Vaccination des personnels des \u00e9tablissements scolaires<\/strong><\/span><\/p>\n<p style=\"text-align: justify;\">Les repr\u00e9sentants de la FSU qui ont si\u00e9g\u00e9 en CHSCT D dans l&rsquo;Oise le jeudi 7 janvier 2021 ont abord\u00e9 la question de la vaccination des personnels de l&rsquo;EN. Le Dr Burger (m\u00e9decin conseiller technique acad\u00e9mique du recteur) \u00e9tait pr\u00e9sente \u00e0 cette instance et a sembl\u00e9 int\u00e9ress\u00e9e par leurs remarques.\u00a0<\/p>\n<p style=\"text-align: justify;\">L&rsquo;administration a indiqu\u00e9 qu&rsquo;il y aurait des publics prioritaires. La FSU a indiqu\u00e9 avoir des propositions en partant notamment des personnels les plus en contact c&rsquo;est \u00e0 dire avec des \u00e9l\u00e8ves non masqu\u00e9s :\u00a0<\/p>\n<p style=\"text-align: justify;\">+ Prof d&rsquo;EPS<\/p>\n<p style=\"text-align: justify;\">+ AESH<\/p>\n<p style=\"text-align: justify;\">+ AED et secr\u00e9taire d&rsquo;intendance pour la cantine<\/p>\n<p style=\"text-align: justify;\">+ Enseignants en maternelle<\/p>\n<p style=\"text-align: justify;\">+ Enseignants aupr\u00e8s d&rsquo;\u00e9l\u00e8ves en situation de handicap qui ne portent pas masque<\/p>\n<p style=\"text-align: justify;\">Il faudrait aussi attacher une importance particuli\u00e8re pour les personnels itin\u00e9rants et rempla\u00e7ants.<\/p>\n<p style=\"text-align: justify;\">Pour une fois qu\u2019on ne serait pas en derni\u00e8re place, comme sur les bulletins\u2026\u00a0!<\/p>\t\t\t\t\t\t\t\t<\/div>\n\t\t\t\t\t<\/div>\n\t\t<\/div>\n\t\t\t\t\t<\/div>\n\t\t<\/section>\n\t\t\t\t<section class=\"elementor-section elementor-top-section elementor-element elementor-element-6fc941d elementor-section-boxed elementor-section-height-default elementor-section-height-default\" data-id=\"6fc941d\" data-element_type=\"section\" data-e-type=\"section\">\n\t\t\t\t\t\t<div class=\"elementor-container elementor-column-gap-default\">\n\t\t\t\t\t<div class=\"elementor-column elementor-col-100 elementor-top-column elementor-element elementor-element-bcd1063\" data-id=\"bcd1063\" data-element_type=\"column\" data-e-type=\"column\">\n\t\t\t<div class=\"elementor-widget-wrap elementor-element-populated\">\n\t\t\t\t\t\t<div class=\"elementor-element elementor-element-975e668 elementor-widget elementor-widget-text-editor\" data-id=\"975e668\" data-element_type=\"widget\" data-e-type=\"widget\" data-widget_type=\"text-editor.default\">\n\t\t\t\t\t\t\t\t\t<p style=\"text-align: justify;\"><span class=\"matmenu\"><b style=\"font-style: inherit; font-variant-ligatures: inherit; font-variant-caps: inherit; text-align: center;\">V\u00e9rification de votre bar\u00e8me inter-acad\u00e9mique 2021\u00a0<\/b><\/span><\/p>\n<p style=\"text-align: justify;\">Le<span style=\"font-size: 14px;\">\u00a0<\/span>mouvement interacademique bat son plein puisque pour les demandeurs de mutation, c&rsquo;est l&rsquo;heure du 1er affichage des bar\u00e8mes ; c&rsquo;est-\u00e0-dire que c&rsquo;est le moment de consulter les bar\u00e8mes que le rectorat a arr\u00eat\u00e9 pour chacun de vos voeux. <br \/>Nous vous rappelons que d\u00e9sormais les commissaires paritaires SNEP ont \u00e9t\u00e9 \u00e9vinc\u00e9s de cette phase de v\u00e9rification et n&rsquo;ont plus acc\u00e8s aux documents&#8230;il est donc imp\u00e9ratif que vous soyez vigilants&#8230;des erreurs peuvent subsister.<\/p>\n<p style=\"text-align: justify;\">Le rectorat d&rsquo;Amiens est particuli\u00e8rement exigeant avec les pi\u00e8ces justificatives pour attribuer les bonifications, et parfois l&rsquo;oubli d&rsquo;envoi d&rsquo;un document fait que la bonification \u00e0 laquelle vous pensez pouvoir pr\u00e9tendre ne vous est pour le moment pas attribu\u00e9e.<\/p>\n<p style=\"text-align: justify;\">La p\u00e9riode d&rsquo;affichage des bar\u00e8mes s&rsquo;\u00e9tale du 13 au 28 janvier 2021&#8230;apr\u00e8s vos v\u0153ux et bar\u00e8mes seront d\u00e9finitivement arr\u00eat\u00e9s et remont\u00e9s au minist\u00e8re.<\/p>\n<p style=\"text-align: justify;\">V\u00e9rifiez donc vos v\u0153ux et bar\u00e8mes et en cas de d\u00e9saccord avec l&rsquo;administration, \u00e9crivez un mail de r\u00e9clamation au rectorat :\u00a0<a href=\"mailto:mvt2021@ac-amiens.fr\" target=\"_blank\" rel=\"noopener\">mvt2021@ac-amiens.fr<\/a>\u00a0<\/p>\n<p style=\"text-align: justify;\">En cas de doute, n&rsquo;h\u00e9sitez pas \u00e0 nous informer ( copie de vos \u00e9changes de mail) et \u00e0 nous demander conseil.\u00a0<\/p>\n<p style=\"text-align: justify;\">Le Snep-Fsu est toujours l\u00e0 pour vous \u00e9pauler dans vos d\u00e9marches !\u00a0<\/p>\n<p style=\"text-align: justify;\">Contact : Florence DANQUIGNY\u00a0<\/p>\n<p style=\"text-align: justify;\"><a href=\"mailto:florence.castryck@ac-amiens.fr\" target=\"_blank\" rel=\"noopener\">florence.castryck@ac-amiens.fr<\/a><\/p>\n<p style=\"text-align: justify;\">06-76-99-24-63\u00a0<\/p>\t\t\t\t\t\t\t\t<\/div>\n\t\t\t\t\t<\/div>\n\t\t<\/div>\n\t\t\t\t\t<\/div>\n\t\t<\/section>\n\t\t\t\t<section class=\"elementor-section elementor-top-section elementor-element elementor-element-5c7d1f5 elementor-section-boxed elementor-section-height-default elementor-section-height-default\" data-id=\"5c7d1f5\" data-element_type=\"section\" data-e-type=\"section\">\n\t\t\t\t\t\t<div class=\"elementor-container elementor-column-gap-default\">\n\t\t\t\t\t<div class=\"elementor-column elementor-col-100 elementor-top-column elementor-element elementor-element-139305e\" data-id=\"139305e\" data-element_type=\"column\" data-e-type=\"column\">\n\t\t\t<div class=\"elementor-widget-wrap elementor-element-populated\">\n\t\t\t\t\t\t<div class=\"elementor-element elementor-element-5ebd322 elementor-widget elementor-widget-text-editor\" data-id=\"5ebd322\" data-element_type=\"widget\" data-e-type=\"widget\" data-widget_type=\"text-editor.default\">\n\t\t\t\t\t\t\t\t\t<p style=\"text-align: justify;\"><span class=\"matmenu\"><b style=\"font-style: inherit; font-variant-ligatures: inherit; font-variant-caps: inherit; text-align: center;\">Avancement d&rsquo;\u00e9chelons 2020-2021\u00a0<\/b><\/span><\/p>\n<p style=\"text-align: justify;\">Suite au confinement la campagne de Rendez-vous de carri\u00e8re 2019-2020 a \u00e9t\u00e9 prolong\u00e9e jusqu&rsquo;au 15 d\u00e9cembre 2020, faisant prendre un retard consid\u00e9rable \u00e0 l&rsquo;avancement de carri\u00e8re de tous les coll\u00e8gues susceptibles de changer d&rsquo;\u00e9chelon depuis le 01 septembre 2020. Il existe 2 situations.<\/p>\n<p><b><u>1\/<\/u><\/b> Vous n&rsquo;avez pas \u00e9t\u00e9 inspect\u00e9 sur l&rsquo;ann\u00e9e scolaire 2019-2020 mais vous deviez changer d&rsquo;\u00e9chelon depuis le 01 septembre 2020. Vous attendez donc un avancement \u00e0 l&rsquo;anciennet\u00e9. Cet avancement de carri\u00e8re devrait s&rsquo;officialiser courant Janvier-F\u00e9vrier avec effet r\u00e9troactif sur la paie de F\u00e9vrier ou Mars. Ainsi si vous deviez passer \u00e0 l&rsquo;\u00e9chelon sup\u00e9rieur au 01 sept 2020, cela sera le cas et vous toucherez la diff\u00e9rence de salaire entre l&rsquo;\u00e9chelon actuel et le nouveau x le nombre de mois de retard de l&rsquo;administration.<\/p>\n<p style=\"text-align: justify;\"><b><u>2\/<\/u><\/b>\u00a0Vous avez eu un Rdv de carri\u00e8re entre le 01 sept 2019 et le 15 d\u00e9cembre 2020, vous avez pu consulter votre compte-rendu avec les 11 items d&rsquo;\u00e9valuation et les avis de l&rsquo;IA-IPR Et du chef d&rsquo;\u00e9tablissement, juste avant les vacances de d\u00e9cembre. Depuis le 15 janvier, vous pouvez consulter l&rsquo;avis d\u00e9finitif du Recteur sur ce Rendez-vous de carri\u00e8re. Cet avis, vous avez 1 mois pour le contester et l&rsquo;administration, 1 mois pour vous r\u00e9pondre. Donc votre potentiel avancement de carri\u00e8re acc\u00e9l\u00e9r\u00e9 ne sera trait\u00e9 au mieux que courant Avril avec effet r\u00e9troactif comme expliqu\u00e9 ci-dessus.\u00a0\u00a0<\/p>\n<p style=\"text-align: justify;\"><span style=\"font-family: sourcesanspro-light-webfont, 'sans serif'; font-size: 18px;\">S&rsquo;il vous reste des questions, n&rsquo;h\u00e9sitez pas \u00e0 nous contacter.\u00a0<\/span><span style=\"font-family: sourcesanspro-light-webfont, 'sans serif'; font-size: 18px;\">Le Snep-Fsu est toujours l\u00e0 pour vous renseigner sur votre carri\u00e8re !\u00a0<\/span><\/p>\n<p style=\"text-align: justify;\">Contact : Guillaume Ancelet :\u00a0<a href=\"mailto:guillaume.ancelet@gmail.com\" target=\"_blank\" rel=\"noopener\">guillaume.ancelet@gmail.com<\/a>\u00a0\u00a0<span style=\"font-family: sourcesanspro-light-webfont, 'sans serif'; font-size: 18px;\">06-70-36-19-22\u00a0<\/span><\/p>\t\t\t\t\t\t\t\t<\/div>\n\t\t\t\t\t<\/div>\n\t\t<\/div>\n\t\t\t\t\t<\/div>\n\t\t<\/section>\n\t\t\t\t<\/div>\n\t\t","protected":false},"excerpt":{"rendered":"<p>EPS : TOUS DEHORS ! Le Snep-Fsu a aussit\u00f4t r\u00e9agi aux annonces du premier ministre du jeudi 14 janvier 2021<\/p>\n","protected":false},"author":1,"featured_media":0,"parent":0,"menu_order":0,"comment_status":"closed","ping_status":"closed","template":"","meta":{"colormag_page_container_layout":"default_layout","colormag_page_sidebar_layout":"default_layout","footnotes":""},"class_list":["post-5818","page","type-page","status-publish","hentry"],"_links":{"self":[{"href":"https:\/\/snepfsu-amiens.net\/index.php\/wp-json\/wp\/v2\/pages\/5818","targetHints":{"allow":["GET"]}}],"collection":[{"href":"https:\/\/snepfsu-amiens.net\/index.php\/wp-json\/wp\/v2\/pages"}],"about":[{"href":"https:\/\/snepfsu-amiens.net\/index.php\/wp-json\/wp\/v2\/types\/page"}],"author":[{"embeddable":true,"href":"https:\/\/snepfsu-amiens.net\/index.php\/wp-json\/wp\/v2\/users\/1"}],"replies":[{"embeddable":true,"href":"https:\/\/snepfsu-amiens.net\/index.php\/wp-json\/wp\/v2\/comments?post=5818"}],"version-history":[{"count":0,"href":"https:\/\/snepfsu-amiens.net\/index.php\/wp-json\/wp\/v2\/pages\/5818\/revisions"}],"wp:attachment":[{"href":"https:\/\/snepfsu-amiens.net\/index.php\/wp-json\/wp\/v2\/media?parent=5818"}],"curies":[{"name":"wp","href":"https:\/\/api.w.org\/{rel}","templated":true}]}}