{"id":5427,"date":"2020-03-15T20:46:30","date_gmt":"2020-03-15T19:46:30","guid":{"rendered":"http:\/\/www.snepfsu-amiens.net\/amiens\/?page_id=5427"},"modified":"2020-03-15T20:46:30","modified_gmt":"2020-03-15T19:46:30","slug":"covid-19","status":"publish","type":"page","link":"https:\/\/snepfsu-amiens.net\/index.php\/covid-19\/","title":{"rendered":"Covid-19"},"content":{"rendered":"<p>Face au contexte in\u00e9dit de fermeture aux \u00e9l\u00e8ves des \u00e9tablissements et de continuit\u00e9 p\u00e9dagogique en EPS, le Snep-fsu Amiens vous invite \u00e0 respecter scrupuleusement les consignes minist\u00e9rielles et rectorales qui nous invitent \u00e0 rester \u00e0 la maison et de traiter tous les sujets par t\u00e9l\u00e9travail. Nous subissons tous la situation. Nul besoin d&rsquo;accepter des missions nouvelles et encore moins de s&rsquo;exposer \u00e0 des risques en multipliant les d\u00e9placements vers les \u00e9tablissements pour des \u00ab\u00a0r\u00e9unions\u00a0\u00bb. Plus nous nous attacherons \u00e0 appliquer les recommandations sanitaires plus nous serons efficaces dans la lutte contre la propagation du virus et donc plus vite nous retrouverons une situation vivable.<\/p>\n<p><a href=\"https:\/\/snepfsu-amiens.net\/wp-content\/uploads\/2020\/03\/lettre-ministre-aux-recteurs-15mars2020.pdf\" target=\"_blank\" rel=\"noopener\">Retrouvez ici le courrier du ministre re\u00e7u ce dimanche 15 mars au soir<\/a><\/p>\n","protected":false},"excerpt":{"rendered":"<p>Face au contexte in\u00e9dit de fermeture aux \u00e9l\u00e8ves des \u00e9tablissements et de continuit\u00e9 p\u00e9dagogique en EPS, le Snep-fsu Amiens vous<\/p>\n","protected":false},"author":1,"featured_media":0,"parent":0,"menu_order":0,"comment_status":"closed","ping_status":"closed","template":"","meta":{"colormag_page_container_layout":"default_layout","colormag_page_sidebar_layout":"default_layout","footnotes":""},"class_list":["post-5427","page","type-page","status-publish","hentry"],"_links":{"self":[{"href":"https:\/\/snepfsu-amiens.net\/index.php\/wp-json\/wp\/v2\/pages\/5427","targetHints":{"allow":["GET"]}}],"collection":[{"href":"https:\/\/snepfsu-amiens.net\/index.php\/wp-json\/wp\/v2\/pages"}],"about":[{"href":"https:\/\/snepfsu-amiens.net\/index.php\/wp-json\/wp\/v2\/types\/page"}],"author":[{"embeddable":true,"href":"https:\/\/snepfsu-amiens.net\/index.php\/wp-json\/wp\/v2\/users\/1"}],"replies":[{"embeddable":true,"href":"https:\/\/snepfsu-amiens.net\/index.php\/wp-json\/wp\/v2\/comments?post=5427"}],"version-history":[{"count":0,"href":"https:\/\/snepfsu-amiens.net\/index.php\/wp-json\/wp\/v2\/pages\/5427\/revisions"}],"wp:attachment":[{"href":"https:\/\/snepfsu-amiens.net\/index.php\/wp-json\/wp\/v2\/media?parent=5427"}],"curies":[{"name":"wp","href":"https:\/\/api.w.org\/{rel}","templated":true}]}}