{"id":5284,"date":"2020-01-15T17:00:44","date_gmt":"2020-01-15T16:00:44","guid":{"rendered":"http:\/\/www.snepfsu-amiens.net\/amiens\/?page_id=5284"},"modified":"2020-01-15T17:00:44","modified_gmt":"2020-01-15T16:00:44","slug":"caisses-de-greve","status":"publish","type":"page","link":"https:\/\/snepfsu-amiens.net\/index.php\/caisses-de-greve\/","title":{"rendered":"Caisses de gr\u00e8ve"},"content":{"rendered":"\t\t<div data-elementor-type=\"wp-page\" data-elementor-id=\"5284\" class=\"elementor elementor-5284 elementor-bc-flex-widget\">\n\t\t\t\t\t\t<section class=\"elementor-section elementor-top-section elementor-element elementor-element-403382d elementor-section-boxed elementor-section-height-default elementor-section-height-default\" data-id=\"403382d\" data-element_type=\"section\" data-e-type=\"section\">\n\t\t\t\t\t\t<div class=\"elementor-container elementor-column-gap-default\">\n\t\t\t\t\t<div class=\"elementor-column elementor-col-100 elementor-top-column elementor-element elementor-element-ab6cda2\" data-id=\"ab6cda2\" data-element_type=\"column\" data-e-type=\"column\">\n\t\t\t<div class=\"elementor-widget-wrap elementor-element-populated\">\n\t\t\t\t\t\t<div class=\"elementor-element elementor-element-c539999 elementor-widget elementor-widget-heading\" data-id=\"c539999\" data-element_type=\"widget\" data-e-type=\"widget\" data-widget_type=\"heading.default\">\n\t\t\t\t\t<h2 class=\"elementor-heading-title elementor-size-default\"><h2 data-mce-style=\"text-align: center;\" style=\"font-size: 24px;line-height: 1.6em;padding-bottom: 0px;font-style: normal;font-family: &quot;Trebuchet MS&quot;, &quot;Lucida Grande&quot;, &quot;Lucida Sans Unicode&quot;, &quot;Lucida Sans&quot;, Tahoma, sans-serif;white-space: normal;text-align: center\"><span data-mce-style=\"color: #800000;\"><span style=\"font-weight: 600\">Caisse de gr\u00e8ve : la solidarit\u00e9 pour gagner le retrait !<\/span><\/span><\/h2><\/h2>\t\t\t\t<\/div>\n\t\t\t\t<div class=\"elementor-element elementor-element-e5db1e1 elementor-widget elementor-widget-text-editor\" data-id=\"e5db1e1\" data-element_type=\"widget\" data-e-type=\"widget\" data-widget_type=\"text-editor.default\">\n\t\t\t\t\t\t\t\t\t<p>Le mouvement contre le projet de r\u00e9forme des retraites du gouvernement d\u00e9passe le mois et demi\u2026GR\u00c8VES et Manifestations ce 14, 15,et 16 janvier.<\/p>\n<p>De nombreux coll\u00e8gues d\u2019EPS et d\u2019autres disciplines ont d\u00e9j\u00e0 fait plusieurs jours de gr\u00e8ve&#8230;\u00a0A la Sncf, \u00e0 la Ratp, dans certains \u00e9tablissements ou certains secteurs les agents sont dans des mouvements reconductibles et sont maintenant en gr\u00e8ve depuis d\u00e9but d\u00e9cembre\u2026<\/p>\n<p>Ceux-l\u00e0 vont bient\u00f4t \u00eatre asphyxi\u00e9s financi\u00e8rement\u2026<\/p>\n<p>L\u2019argent pour eux comme pour vous est le nerf de la suite&#8230;<\/p>\n<p>Et s\u2019ils s\u2019arr\u00eatent, le mouvement risque grandement de s\u2019arr\u00eater\u2026<\/p>\t\t\t\t\t\t\t\t<\/div>\n\t\t\t\t<div class=\"elementor-element elementor-element-088861e elementor-widget elementor-widget-text-editor\" data-id=\"088861e\" data-element_type=\"widget\" data-e-type=\"widget\" data-widget_type=\"text-editor.default\">\n\t\t\t\t\t\t\t\t\t<h3 class=\"Standard\" style=\"text-align: center;\"><span class=\"matmenu\">C\u2019est pourquoi le Snep-Fsu de l\u2019acad\u00e9mie lance cet appel.<\/span><\/h3>\t\t\t\t\t\t\t\t<\/div>\n\t\t\t\t\t<\/div>\n\t\t<\/div>\n\t\t\t\t\t<\/div>\n\t\t<\/section>\n\t\t\t\t<section class=\"elementor-section elementor-top-section elementor-element elementor-element-4107589 elementor-section-boxed elementor-section-height-default elementor-section-height-default\" data-id=\"4107589\" data-element_type=\"section\" data-e-type=\"section\">\n\t\t\t\t\t\t<div class=\"elementor-container elementor-column-gap-default\">\n\t\t\t\t\t<div class=\"elementor-column elementor-col-50 elementor-top-column elementor-element elementor-element-45ce29f\" data-id=\"45ce29f\" data-element_type=\"column\" data-e-type=\"column\">\n\t\t\t<div class=\"elementor-widget-wrap elementor-element-populated\">\n\t\t\t\t\t\t<div class=\"elementor-element elementor-element-a425bd5 elementor-widget elementor-widget-image\" data-id=\"a425bd5\" data-element_type=\"widget\" data-e-type=\"widget\" data-widget_type=\"image.default\">\n\t\t\t\t\t\t\t\t\t\t\t\t\t\t\t<img decoding=\"async\" src=\"http:\/\/www.snepfsu-amiens.net\/amiens\/wp-content\/uploads\/2020\/01\/caisse_de_greve-19e76.png\" title=\"\" alt=\"\" loading=\"lazy\" \/>\t\t\t\t\t\t\t\t\t\t\t\t\t\t\t<\/div>\n\t\t\t\t\t<\/div>\n\t\t<\/div>\n\t\t\t\t<div class=\"elementor-column elementor-col-50 elementor-top-column elementor-element elementor-element-4b86cef\" data-id=\"4b86cef\" data-element_type=\"column\" data-e-type=\"column\">\n\t\t\t<div class=\"elementor-widget-wrap elementor-element-populated\">\n\t\t\t\t\t\t<div class=\"elementor-element elementor-element-a0900f0 elementor-widget elementor-widget-text-editor\" data-id=\"a0900f0\" data-element_type=\"widget\" data-e-type=\"widget\" data-widget_type=\"text-editor.default\">\n\t\t\t\t\t\t\t\t\t<p style=\"text-align: justify;\">Pour ceux qui sont les fers de lance du mouvement&#8230;<\/p>\n<p style=\"text-align: justify;\">Pensez et comparez, quelques journ\u00e9es de salaire perdues aujourd\u2019hui avec les sommes de pension perdues demain et les ann\u00e9es de travail apr\u00e8s 62ans !<\/p>\n<p style=\"text-align: justify;\">Le mouvement doit se poursuivre et s&rsquo;amplifier jusqu&rsquo;au retrait puisque le gouvernement reste ferme sur les grandes lignes.<\/p>\n<p style=\"text-align: justify;\">Nous vous donnons\u00a0les liens de 2 caisses de solidarit\u00e9 :<br \/>La r\u00e9partition des sommes r\u00e9colt\u00e9es est autog\u00e9r\u00e9e, juste et \u00e9quitable, (voir les liens ci-dessous)<\/p>\t\t\t\t\t\t\t\t<\/div>\n\t\t\t\t\t<\/div>\n\t\t<\/div>\n\t\t\t\t\t<\/div>\n\t\t<\/section>\n\t\t\t\t<section class=\"elementor-section elementor-top-section elementor-element elementor-element-c34c63a elementor-section-boxed elementor-section-height-default elementor-section-height-default\" data-id=\"c34c63a\" data-element_type=\"section\" data-e-type=\"section\">\n\t\t\t\t\t\t<div class=\"elementor-container elementor-column-gap-default\">\n\t\t\t\t\t<div class=\"elementor-column elementor-col-50 elementor-top-column elementor-element elementor-element-467083d\" data-id=\"467083d\" data-element_type=\"column\" data-e-type=\"column\">\n\t\t\t<div class=\"elementor-widget-wrap elementor-element-populated\">\n\t\t\t\t\t\t<div class=\"elementor-element elementor-element-4713d7a elementor-widget elementor-widget-text-editor\" data-id=\"4713d7a\" data-element_type=\"widget\" data-e-type=\"widget\" data-widget_type=\"text-editor.default\">\n\t\t\t\t\t\t\t\t\t<p style=\"text-align: center;\">Pour les enseignants, organis\u00e9e par le SNES-FSU\u00a0Amiens<\/p>\t\t\t\t\t\t\t\t<\/div>\n\t\t\t\t<div class=\"elementor-element elementor-element-0b462fb elementor-align-justify elementor-widget elementor-widget-button\" data-id=\"0b462fb\" data-element_type=\"widget\" data-e-type=\"widget\" data-widget_type=\"button.default\">\n\t\t\t\t\t\t\t\t\t\t<a class=\"elementor-button elementor-button-link elementor-size-lg\" href=\"https:\/\/amiens.snes.edu\/Le-SNES-FSU-a-mis-en-place-une-caisse-de-greve-nous-voulons-gagner.html\" target=\"_blank\">\n\t\t\t\t\t\t<span class=\"elementor-button-content-wrapper\">\n\t\t\t\t\t\t\t\t\t<span class=\"elementor-button-text\">Cliquez ici<\/span>\n\t\t\t\t\t<\/span>\n\t\t\t\t\t<\/a>\n\t\t\t\t\t\t\t\t<\/div>\n\t\t\t\t\t<\/div>\n\t\t<\/div>\n\t\t\t\t<div class=\"elementor-column elementor-col-50 elementor-top-column elementor-element elementor-element-531d0be\" data-id=\"531d0be\" data-element_type=\"column\" data-e-type=\"column\">\n\t\t\t<div class=\"elementor-widget-wrap elementor-element-populated\">\n\t\t\t\t\t\t<div class=\"elementor-element elementor-element-51a94c3 elementor-widget elementor-widget-text-editor\" data-id=\"51a94c3\" data-element_type=\"widget\" data-e-type=\"widget\" data-widget_type=\"text-editor.default\">\n\t\t\t\t\t\t\t\t\t<p style=\"text-align: center;\">Pour tous les salari\u00e9s, g\u00e9r\u00e9e\u00a0par la CGT nationale.<\/p>\t\t\t\t\t\t\t\t<\/div>\n\t\t\t\t<div class=\"elementor-element elementor-element-7fa42a1 elementor-widget elementor-widget-spacer\" data-id=\"7fa42a1\" data-element_type=\"widget\" data-e-type=\"widget\" data-widget_type=\"spacer.default\">\n\t\t\t\t\t\t\t<div class=\"elementor-spacer\">\n\t\t\t<div class=\"elementor-spacer-inner\"><\/div>\n\t\t<\/div>\n\t\t\t\t\t\t<\/div>\n\t\t\t\t<div class=\"elementor-element elementor-element-e007042 elementor-align-justify elementor-widget elementor-widget-button\" data-id=\"e007042\" data-element_type=\"widget\" data-e-type=\"widget\" data-widget_type=\"button.default\">\n\t\t\t\t\t\t\t\t\t\t<a class=\"elementor-button elementor-button-link elementor-size-lg\" href=\"https:\/\/www.lepotcommun.fr\/pot\/solidarite-financiere\" target=\"_blank\">\n\t\t\t\t\t\t<span class=\"elementor-button-content-wrapper\">\n\t\t\t\t\t\t\t\t\t<span class=\"elementor-button-text\">Cliquez ici<\/span>\n\t\t\t\t\t<\/span>\n\t\t\t\t\t<\/a>\n\t\t\t\t\t\t\t\t<\/div>\n\t\t\t\t\t<\/div>\n\t\t<\/div>\n\t\t\t\t\t<\/div>\n\t\t<\/section>\n\t\t\t\t<\/div>\n\t\t","protected":false},"excerpt":{"rendered":"<p>Caisse de gr\u00e8ve : la solidarit\u00e9 pour gagner le retrait ! Le mouvement contre le projet de r\u00e9forme des retraites<\/p>\n","protected":false},"author":1,"featured_media":0,"parent":0,"menu_order":0,"comment_status":"closed","ping_status":"closed","template":"","meta":{"colormag_page_container_layout":"default_layout","colormag_page_sidebar_layout":"default_layout","footnotes":""},"class_list":["post-5284","page","type-page","status-publish","hentry"],"_links":{"self":[{"href":"https:\/\/snepfsu-amiens.net\/index.php\/wp-json\/wp\/v2\/pages\/5284","targetHints":{"allow":["GET"]}}],"collection":[{"href":"https:\/\/snepfsu-amiens.net\/index.php\/wp-json\/wp\/v2\/pages"}],"about":[{"href":"https:\/\/snepfsu-amiens.net\/index.php\/wp-json\/wp\/v2\/types\/page"}],"author":[{"embeddable":true,"href":"https:\/\/snepfsu-amiens.net\/index.php\/wp-json\/wp\/v2\/users\/1"}],"replies":[{"embeddable":true,"href":"https:\/\/snepfsu-amiens.net\/index.php\/wp-json\/wp\/v2\/comments?post=5284"}],"version-history":[{"count":0,"href":"https:\/\/snepfsu-amiens.net\/index.php\/wp-json\/wp\/v2\/pages\/5284\/revisions"}],"wp:attachment":[{"href":"https:\/\/snepfsu-amiens.net\/index.php\/wp-json\/wp\/v2\/media?parent=5284"}],"curies":[{"name":"wp","href":"https:\/\/api.w.org\/{rel}","templated":true}]}}