{"id":4758,"date":"2019-04-09T19:16:48","date_gmt":"2019-04-09T18:16:48","guid":{"rendered":"http:\/\/www.snepfsu-amiens.net\/amiens\/?page_id=4758"},"modified":"2019-04-09T19:16:48","modified_gmt":"2019-04-09T18:16:48","slug":"stage-de-formation-syndicale-affluence-record-a-amiens","status":"publish","type":"page","link":"https:\/\/snepfsu-amiens.net\/index.php\/stage-de-formation-syndicale-affluence-record-a-amiens\/","title":{"rendered":"Stage de formation syndicale : affluence record \u00e0 Amiens !"},"content":{"rendered":"<p>Le SNEP Amiens a organis\u00e9 les jeudi 4 et vendredi 5 avril 2019 \u00e0 la fac des sports d\u2019Amiens \u00a0un stage de formation syndicale \u00ab\u00a0s\u00e9curit\u00e9\/responsabilit\u00e9\u00a0\u00bb anim\u00e9 par Jean Paul Tournaire.<\/p>\n<p>Record national battu\u00a0 avec 149 coll\u00e8gues pr\u00e9sents sur les deux jours. C\u2019est dire l\u2019importance que ce th\u00e8me a pris dans le quotidien du m\u00e9tier d\u2019EPS.<\/p>\n<p>A \u00e9t\u00e9 abord\u00e9 tout ce qu\u2019il n\u2019est plus permis d\u2019ignorer quand on est enseignant d\u2019EPS.<\/p>\n<p>De mani\u00e8re unanime, les participants ont fortement appr\u00e9ci\u00e9 l\u2019apport consid\u00e9rable de connaissances apport\u00e9es pendant ces deux jours, \u00ab\u00a0essentielles \u00e0 l\u2019exercice du m\u00e9tier, et qui devraient faire partie de la formation initiale\u00a0\u00bb, ainsi que la convivialit\u00e9 qui est de mise dans tous les stages organis\u00e9s par le SNEP (accueil caf\u00e9, ap\u00e9ro \u00e0 midi\u2026).<\/p>\n<p>Ils ont \u00e9galement\u00a0 pl\u00e9biscit\u00e9 la qualit\u00e9 de l\u2019intervenant,\u00a0 par sa ma\u00eetrise des notions abord\u00e9es, sa disponibilit\u00e9 pour r\u00e9pondre aux questions et son humour.<\/p>\n<p>Extrait d\u2019un commentaire d\u2019une coll\u00e8gue\u00a0dans son bilan du stage: \u00ab\u00a0Tout comme vous je suis fi\u00e8re de ma formation, de mon m\u00e9tier mais \u00e9galement de son c\u00f4t\u00e9 corporatiste que vous incarnez. Je vous remercie r\u00e9ellement d\u2019\u00eatre l\u00e0, d\u2019exister, de prendre soin de nous et de notre profession\u00a0\u00bb.<\/p>\n<p>On mesure ainsi \u00a0la confiance qu\u2019inspire le SNEP \u00e0 la profession. Le ministre Blanquer ne peut pas en dire autant\u2026\u00a0!<\/p>\n<p>Michel Gu\u00e9lou<\/p>\n<p>Secr\u00e9taire acad\u00e9mique du SNEP Amiens<\/p>\n","protected":false},"excerpt":{"rendered":"<p>Le SNEP Amiens a organis\u00e9 les jeudi 4 et vendredi 5 avril 2019 \u00e0 la fac des sports d\u2019Amiens \u00a0un<\/p>\n","protected":false},"author":1,"featured_media":0,"parent":0,"menu_order":0,"comment_status":"closed","ping_status":"closed","template":"","meta":{"colormag_page_container_layout":"default_layout","colormag_page_sidebar_layout":"default_layout","footnotes":""},"class_list":["post-4758","page","type-page","status-publish","hentry"],"_links":{"self":[{"href":"https:\/\/snepfsu-amiens.net\/index.php\/wp-json\/wp\/v2\/pages\/4758","targetHints":{"allow":["GET"]}}],"collection":[{"href":"https:\/\/snepfsu-amiens.net\/index.php\/wp-json\/wp\/v2\/pages"}],"about":[{"href":"https:\/\/snepfsu-amiens.net\/index.php\/wp-json\/wp\/v2\/types\/page"}],"author":[{"embeddable":true,"href":"https:\/\/snepfsu-amiens.net\/index.php\/wp-json\/wp\/v2\/users\/1"}],"replies":[{"embeddable":true,"href":"https:\/\/snepfsu-amiens.net\/index.php\/wp-json\/wp\/v2\/comments?post=4758"}],"version-history":[{"count":0,"href":"https:\/\/snepfsu-amiens.net\/index.php\/wp-json\/wp\/v2\/pages\/4758\/revisions"}],"wp:attachment":[{"href":"https:\/\/snepfsu-amiens.net\/index.php\/wp-json\/wp\/v2\/media?parent=4758"}],"curies":[{"name":"wp","href":"https:\/\/api.w.org\/{rel}","templated":true}]}}