{"id":4234,"date":"2019-01-15T10:27:51","date_gmt":"2019-01-15T09:27:51","guid":{"rendered":"http:\/\/www.snepfsu-amiens.net\/amiens\/?page_id=4234"},"modified":"2019-01-15T10:27:51","modified_gmt":"2019-01-15T09:27:51","slug":"calendrier-corpo","status":"publish","type":"page","link":"https:\/\/snepfsu-amiens.net\/index.php\/calendrier-corpo\/","title":{"rendered":"Calendrier Corpo"},"content":{"rendered":"\t\t<div data-elementor-type=\"wp-page\" data-elementor-id=\"4234\" class=\"elementor elementor-4234 elementor-bc-flex-widget\">\n\t\t\t\t\t\t<section class=\"elementor-section elementor-top-section elementor-element elementor-element-fdae3d0 elementor-section-boxed elementor-section-height-default elementor-section-height-default\" data-id=\"fdae3d0\" data-element_type=\"section\" data-e-type=\"section\">\n\t\t\t\t\t\t<div class=\"elementor-container elementor-column-gap-default\">\n\t\t\t\t\t<div class=\"elementor-column elementor-col-100 elementor-top-column elementor-element elementor-element-8c73224\" data-id=\"8c73224\" data-element_type=\"column\" data-e-type=\"column\">\n\t\t\t<div class=\"elementor-widget-wrap elementor-element-populated\">\n\t\t\t\t\t\t<div class=\"elementor-element elementor-element-4a7c427 elementor-tabs-view-vertical elementor-widget elementor-widget-tabs\" data-id=\"4a7c427\" data-element_type=\"widget\" data-e-type=\"widget\" data-widget_type=\"tabs.default\">\n\t\t\t\t\t\t\t<div class=\"elementor-tabs\">\n\t\t\t<div class=\"elementor-tabs-wrapper\" role=\"tablist\" >\n\t\t\t\t\t\t\t\t\t<div id=\"elementor-tab-title-7811\" class=\"elementor-tab-title elementor-tab-desktop-title\" aria-selected=\"true\" data-tab=\"1\" role=\"tab\" tabindex=\"0\" aria-controls=\"elementor-tab-content-7811\" aria-expanded=\"false\">GT Verification du bar\u00e8me Inter 2019<\/div>\n\t\t\t\t\t\t\t\t\t<div id=\"elementor-tab-title-7812\" class=\"elementor-tab-title elementor-tab-desktop-title\" aria-selected=\"false\" data-tab=\"2\" role=\"tab\" tabindex=\"-1\" aria-controls=\"elementor-tab-content-7812\" aria-expanded=\"false\">CAPA Contestation de RDV de carri\u00e8re<\/div>\n\t\t\t\t\t\t\t\t\t<div id=\"elementor-tab-title-7813\" class=\"elementor-tab-title elementor-tab-desktop-title\" aria-selected=\"false\" data-tab=\"3\" role=\"tab\" tabindex=\"-1\" aria-controls=\"elementor-tab-content-7813\" aria-expanded=\"false\">GT Mesures de carte scolaire<\/div>\n\t\t\t\t\t\t\t\t\t<div id=\"elementor-tab-title-7814\" class=\"elementor-tab-title elementor-tab-desktop-title\" aria-selected=\"false\" data-tab=\"4\" role=\"tab\" tabindex=\"-1\" aria-controls=\"elementor-tab-content-7814\" aria-expanded=\"false\">CAPA Avancement d'\u00e9chelons<\/div>\n\t\t\t\t\t\t\t\t\t<div id=\"elementor-tab-title-7815\" class=\"elementor-tab-title elementor-tab-desktop-title\" aria-selected=\"false\" data-tab=\"5\" role=\"tab\" tabindex=\"-1\" aria-controls=\"elementor-tab-content-7815\" aria-expanded=\"false\">GT Cong\u00e9s de formation 2019\/2020<\/div>\n\t\t\t\t\t\t\t\t\t<div id=\"elementor-tab-title-7816\" class=\"elementor-tab-title elementor-tab-desktop-title\" aria-selected=\"false\" data-tab=\"6\" role=\"tab\" tabindex=\"-1\" aria-controls=\"elementor-tab-content-7816\" aria-expanded=\"false\">GT Verification du bar\u00e8me Intra 2019<\/div>\n\t\t\t\t\t\t\t\t\t<div id=\"elementor-tab-title-7817\" class=\"elementor-tab-title elementor-tab-desktop-title\" aria-selected=\"false\" data-tab=\"7\" role=\"tab\" tabindex=\"-1\" aria-controls=\"elementor-tab-content-7817\" aria-expanded=\"false\">CAPA Acc\u00e8s \u00e0 la Hors-classe<\/div>\n\t\t\t\t\t\t\t\t\t<div id=\"elementor-tab-title-7818\" class=\"elementor-tab-title elementor-tab-desktop-title\" aria-selected=\"false\" data-tab=\"8\" role=\"tab\" tabindex=\"-1\" aria-controls=\"elementor-tab-content-7818\" aria-expanded=\"false\">FPMA EPS 2019<\/div>\n\t\t\t\t\t\t\t\t\t<div id=\"elementor-tab-title-7819\" class=\"elementor-tab-title elementor-tab-desktop-title\" aria-selected=\"false\" data-tab=\"9\" role=\"tab\" tabindex=\"-1\" aria-controls=\"elementor-tab-content-7819\" aria-expanded=\"false\">CAPA Acc\u00e8s \u00e0 la Classe Exceptionnelle <\/div>\n\t\t\t\t\t\t\t<\/div>\n\t\t\t<div class=\"elementor-tabs-content-wrapper\" role=\"tablist\" aria-orientation=\"vertical\">\n\t\t\t\t\t\t\t\t\t<div class=\"elementor-tab-title elementor-tab-mobile-title\" aria-selected=\"true\" data-tab=\"1\" role=\"tab\" tabindex=\"0\" aria-controls=\"elementor-tab-content-7811\" aria-expanded=\"false\">GT Verification du bar\u00e8me Inter 2019<\/div>\n\t\t\t\t\t<div id=\"elementor-tab-content-7811\" class=\"elementor-tab-content elementor-clearfix\" data-tab=\"1\" role=\"tabpanel\" aria-labelledby=\"elementor-tab-title-7811\" tabindex=\"0\" hidden=\"false\"><p>Ce GT aura lieu le 24\/01\/2019\u00a0<\/p>\n<p>Plus d&rsquo;infos <a href=\"http:\/\/www.snepfsu-amiens.net\/amiens\/events\/groupe-de-travail-verification-des-baremes-du-mouvement-intra-2019\/\" target=\"_blank\" rel=\"noopener\">Cliquez ici<\/a><\/p><\/div>\n\t\t\t\t\t\t\t\t\t<div class=\"elementor-tab-title elementor-tab-mobile-title\" aria-selected=\"false\" data-tab=\"2\" role=\"tab\" tabindex=\"-1\" aria-controls=\"elementor-tab-content-7812\" aria-expanded=\"false\">CAPA Contestation de RDV de carri\u00e8re<\/div>\n\t\t\t\t\t<div id=\"elementor-tab-content-7812\" class=\"elementor-tab-content elementor-clearfix\" data-tab=\"2\" role=\"tabpanel\" aria-labelledby=\"elementor-tab-title-7812\" tabindex=\"0\" hidden=\"hidden\"><p>Cette CAPA aura lieu le\u00a0 07\/02\/2019\u00a0<\/p>\n<p>Plus d&rsquo;infos <a href=\"http:\/\/www.snepfsu-amiens.net\/amiens\/events\/capa-contestation-davis-final-ppcr-2017-2018\/\" target=\"_blank\" rel=\"noopener\">cliquez ici<\/a>\u00a0<\/p><\/div>\n\t\t\t\t\t\t\t\t\t<div class=\"elementor-tab-title elementor-tab-mobile-title\" aria-selected=\"false\" data-tab=\"3\" role=\"tab\" tabindex=\"-1\" aria-controls=\"elementor-tab-content-7813\" aria-expanded=\"false\">GT Mesures de carte scolaire<\/div>\n\t\t\t\t\t<div id=\"elementor-tab-content-7813\" class=\"elementor-tab-content elementor-clearfix\" data-tab=\"3\" role=\"tabpanel\" aria-labelledby=\"elementor-tab-title-7813\" tabindex=\"0\" hidden=\"hidden\"><p>Ce GT aura lieu le 20\/03\/2019<\/p>\n<p>Plus d&rsquo;infos <a href=\"http:\/\/www.snepfsu-amiens.net\/amiens\/events\/gt-mesure-de-carte-scolaire-2019\/\" target=\"_blank\" rel=\"noopener\">cliquez ici<\/a><\/p><\/div>\n\t\t\t\t\t\t\t\t\t<div class=\"elementor-tab-title elementor-tab-mobile-title\" aria-selected=\"false\" data-tab=\"4\" role=\"tab\" tabindex=\"-1\" aria-controls=\"elementor-tab-content-7814\" aria-expanded=\"false\">CAPA Avancement d'\u00e9chelons<\/div>\n\t\t\t\t\t<div id=\"elementor-tab-content-7814\" class=\"elementor-tab-content elementor-clearfix\" data-tab=\"4\" role=\"tabpanel\" aria-labelledby=\"elementor-tab-title-7814\" tabindex=\"0\" hidden=\"hidden\"><p>Cette CAPA aura lieu le 27\/03\/2019<\/p>\n<p>Plus d&rsquo;infos <a href=\"http:\/\/www.snepfsu-amiens.net\/amiens\/events\/capa-avancement-dechelon-2018-2019\/\" target=\"_blank\" rel=\"noopener\">cliquez ici<\/a><\/p><\/div>\n\t\t\t\t\t\t\t\t\t<div class=\"elementor-tab-title elementor-tab-mobile-title\" aria-selected=\"false\" data-tab=\"5\" role=\"tab\" tabindex=\"-1\" aria-controls=\"elementor-tab-content-7815\" aria-expanded=\"false\">GT Cong\u00e9s de formation 2019\/2020<\/div>\n\t\t\t\t\t<div id=\"elementor-tab-content-7815\" class=\"elementor-tab-content elementor-clearfix\" data-tab=\"5\" role=\"tabpanel\" aria-labelledby=\"elementor-tab-title-7815\" tabindex=\"0\" hidden=\"hidden\"><p>Ce GT aura lieu le 16\/05\/2019\u00a0<\/p>\n<p>Plus d&rsquo;infos <a href=\"http:\/\/www.snepfsu-amiens.net\/amiens\/events\/gt-conge-de-formation\/\" target=\"_blank\" rel=\"noopener\">Cliquez ici<\/a><\/p><\/div>\n\t\t\t\t\t\t\t\t\t<div class=\"elementor-tab-title elementor-tab-mobile-title\" aria-selected=\"false\" data-tab=\"6\" role=\"tab\" tabindex=\"-1\" aria-controls=\"elementor-tab-content-7816\" aria-expanded=\"false\">GT Verification du bar\u00e8me Intra 2019<\/div>\n\t\t\t\t\t<div id=\"elementor-tab-content-7816\" class=\"elementor-tab-content elementor-clearfix\" data-tab=\"6\" role=\"tabpanel\" aria-labelledby=\"elementor-tab-title-7816\" tabindex=\"0\" hidden=\"hidden\"><p>Ce GT aura lieu le 20\/05\/2019\u00a0<\/p>\n<p>Plus d&rsquo;infos <a href=\"http:\/\/www.snepfsu-amiens.net\/amiens\/events\/groupe-de-travail-verification-des-baremes-du-mouvement-intra-2019\/\" target=\"_blank\" rel=\"noopener\">Cliquez ici<\/a><\/p><\/div>\n\t\t\t\t\t\t\t\t\t<div class=\"elementor-tab-title elementor-tab-mobile-title\" aria-selected=\"false\" data-tab=\"7\" role=\"tab\" tabindex=\"-1\" aria-controls=\"elementor-tab-content-7817\" aria-expanded=\"false\">CAPA Acc\u00e8s \u00e0 la Hors-classe<\/div>\n\t\t\t\t\t<div id=\"elementor-tab-content-7817\" class=\"elementor-tab-content elementor-clearfix\" data-tab=\"7\" role=\"tabpanel\" aria-labelledby=\"elementor-tab-title-7817\" tabindex=\"0\" hidden=\"hidden\"><p>Cette CAPA aura lieu le 24\/05\/2019<\/p>\n<p>Plus d&rsquo;infos<a href=\"http:\/\/www.snepfsu-amiens.net\/amiens\/events\/capa-acces-a-la-hors-classe-2018-2019\/\" target=\"_blank\" rel=\"noopener\"> cliquez ici<\/a><\/p><\/div>\n\t\t\t\t\t\t\t\t\t<div class=\"elementor-tab-title elementor-tab-mobile-title\" aria-selected=\"false\" data-tab=\"8\" role=\"tab\" tabindex=\"-1\" aria-controls=\"elementor-tab-content-7818\" aria-expanded=\"false\">FPMA EPS 2019<\/div>\n\t\t\t\t\t<div id=\"elementor-tab-content-7818\" class=\"elementor-tab-content elementor-clearfix\" data-tab=\"8\" role=\"tabpanel\" aria-labelledby=\"elementor-tab-title-7818\" tabindex=\"0\" hidden=\"hidden\"><p>Cette FPMA aura lieu le 13\/06\/2019<\/p>\n<p>Plus d&rsquo;infos<a href=\"http:\/\/www.snepfsu-amiens.net\/amiens\/events\/fpma-2019\/\" target=\"_blank\" rel=\"noopener\"> cliquez ici<\/a><\/p><\/div>\n\t\t\t\t\t\t\t\t\t<div class=\"elementor-tab-title elementor-tab-mobile-title\" aria-selected=\"false\" data-tab=\"9\" role=\"tab\" tabindex=\"-1\" aria-controls=\"elementor-tab-content-7819\" aria-expanded=\"false\">CAPA Acc\u00e8s \u00e0 la Classe Exceptionnelle <\/div>\n\t\t\t\t\t<div id=\"elementor-tab-content-7819\" class=\"elementor-tab-content elementor-clearfix\" data-tab=\"9\" role=\"tabpanel\" aria-labelledby=\"elementor-tab-title-7819\" tabindex=\"0\" hidden=\"hidden\"><p>Cette CAPA aura lieu le 21\/06\/2019<\/p>\n<p>Plus d&rsquo;infos<a href=\"http:\/\/www.snepfsu-amiens.net\/amiens\/events\/capa-acces-a-la-classe-exceptionnelle-2018-2019\/\" target=\"_blank\" rel=\"noopener\"> cliquez ici<\/a><\/p><\/div>\n\t\t\t\t\t\t\t<\/div>\n\t\t<\/div>\n\t\t\t\t\t\t<\/div>\n\t\t\t\t\t<\/div>\n\t\t<\/div>\n\t\t\t\t\t<\/div>\n\t\t<\/section>\n\t\t\t\t<\/div>\n\t\t","protected":false},"excerpt":{"rendered":"<p>GT Verification du bar\u00e8me Inter 2019 CAPA Contestation de RDV de carri\u00e8re GT Mesures de carte scolaire CAPA Avancement d&rsquo;\u00e9chelons<\/p>\n","protected":false},"author":1,"featured_media":0,"parent":0,"menu_order":0,"comment_status":"closed","ping_status":"closed","template":"","meta":{"colormag_page_container_layout":"default_layout","colormag_page_sidebar_layout":"default_layout","footnotes":""},"class_list":["post-4234","page","type-page","status-publish","hentry"],"_links":{"self":[{"href":"https:\/\/snepfsu-amiens.net\/index.php\/wp-json\/wp\/v2\/pages\/4234","targetHints":{"allow":["GET"]}}],"collection":[{"href":"https:\/\/snepfsu-amiens.net\/index.php\/wp-json\/wp\/v2\/pages"}],"about":[{"href":"https:\/\/snepfsu-amiens.net\/index.php\/wp-json\/wp\/v2\/types\/page"}],"author":[{"embeddable":true,"href":"https:\/\/snepfsu-amiens.net\/index.php\/wp-json\/wp\/v2\/users\/1"}],"replies":[{"embeddable":true,"href":"https:\/\/snepfsu-amiens.net\/index.php\/wp-json\/wp\/v2\/comments?post=4234"}],"version-history":[{"count":0,"href":"https:\/\/snepfsu-amiens.net\/index.php\/wp-json\/wp\/v2\/pages\/4234\/revisions"}],"wp:attachment":[{"href":"https:\/\/snepfsu-amiens.net\/index.php\/wp-json\/wp\/v2\/media?parent=4234"}],"curies":[{"name":"wp","href":"https:\/\/api.w.org\/{rel}","templated":true}]}}