{"id":3631,"date":"2018-06-22T11:14:25","date_gmt":"2018-06-22T10:14:25","guid":{"rendered":"http:\/\/www.snepfsu-amiens.net\/amiens\/?page_id=3631"},"modified":"2018-06-22T11:14:25","modified_gmt":"2018-06-22T10:14:25","slug":"hors-classe","status":"publish","type":"page","link":"https:\/\/snepfsu-amiens.net\/index.php\/hors-classe\/","title":{"rendered":"Hors Classe"},"content":{"rendered":"\t\t<div data-elementor-type=\"wp-page\" data-elementor-id=\"3631\" class=\"elementor elementor-3631 elementor-bc-flex-widget\">\n\t\t\t\t\t\t<section class=\"elementor-section elementor-top-section elementor-element elementor-element-5f919ac elementor-section-boxed elementor-section-height-default elementor-section-height-default\" data-id=\"5f919ac\" data-element_type=\"section\" data-e-type=\"section\">\n\t\t\t\t\t\t<div class=\"elementor-container elementor-column-gap-default\">\n\t\t\t\t\t<div class=\"elementor-column elementor-col-100 elementor-top-column elementor-element elementor-element-c237c66\" data-id=\"c237c66\" data-element_type=\"column\" data-e-type=\"column\">\n\t\t\t<div class=\"elementor-widget-wrap elementor-element-populated\">\n\t\t\t\t\t\t<div class=\"elementor-element elementor-element-ed22801 elementor-widget elementor-widget-text-editor\" data-id=\"ed22801\" data-element_type=\"widget\" data-e-type=\"widget\" data-widget_type=\"text-editor.default\">\n\t\t\t\t\t\t\t\t\t<p>Sur cette page, vous trouverez toutes les infos relatives \u00e0 l&rsquo;acc\u00e8s \u00e0 la Hors-Classe des professeurs d&rsquo;EPS. Pour toutes questions, contactez Marc Meunier : marc.meunier@ac-amiens.fr ou 06.73.45.03.15<\/p>\t\t\t\t\t\t\t\t<\/div>\n\t\t\t\t\t<\/div>\n\t\t<\/div>\n\t\t\t\t\t<\/div>\n\t\t<\/section>\n\t\t\t\t<section class=\"elementor-section elementor-top-section elementor-element elementor-element-a608bf6 elementor-section-boxed elementor-section-height-default elementor-section-height-default\" data-id=\"a608bf6\" data-element_type=\"section\" data-e-type=\"section\">\n\t\t\t\t\t\t<div class=\"elementor-container elementor-column-gap-default\">\n\t\t\t\t\t<div class=\"elementor-column elementor-col-100 elementor-top-column elementor-element elementor-element-9c51569\" data-id=\"9c51569\" data-element_type=\"column\" data-e-type=\"column\">\n\t\t\t<div class=\"elementor-widget-wrap elementor-element-populated\">\n\t\t\t\t\t\t<div class=\"elementor-element elementor-element-39ae192 elementor-widget elementor-widget-text-editor\" data-id=\"39ae192\" data-element_type=\"widget\" data-e-type=\"widget\" data-widget_type=\"text-editor.default\">\n\t\t\t\t\t\t\t\t\t<p><span class=\"matmenu\">CAPA Hors-classe 2019<\/span><\/p>\t\t\t\t\t\t\t\t<\/div>\n\t\t\t\t\t<\/div>\n\t\t<\/div>\n\t\t\t\t\t<\/div>\n\t\t<\/section>\n\t\t\t\t<section class=\"elementor-section elementor-top-section elementor-element elementor-element-cf8d9aa elementor-section-boxed elementor-section-height-default elementor-section-height-default\" data-id=\"cf8d9aa\" data-element_type=\"section\" data-e-type=\"section\">\n\t\t\t\t\t\t<div class=\"elementor-container elementor-column-gap-default\">\n\t\t\t\t\t<div class=\"elementor-column elementor-col-33 elementor-top-column elementor-element elementor-element-16d85d5\" data-id=\"16d85d5\" data-element_type=\"column\" data-e-type=\"column\">\n\t\t\t<div class=\"elementor-widget-wrap elementor-element-populated\">\n\t\t\t\t\t\t<div class=\"elementor-element elementor-element-1b3bc53 elementor-widget elementor-widget-image\" data-id=\"1b3bc53\" data-element_type=\"widget\" data-e-type=\"widget\" data-widget_type=\"image.default\">\n\t\t\t\t\t\t\t\t\t\t\t\t\t\t\t<img decoding=\"async\" src=\"http:\/\/www.snepfsu-amiens.net\/amiens\/wp-content\/uploads\/2012\/12\/pdf1.png\" title=\"\" alt=\"\" loading=\"lazy\" \/>\t\t\t\t\t\t\t\t\t\t\t\t\t\t\t<\/div>\n\t\t\t\t\t<\/div>\n\t\t<\/div>\n\t\t\t\t<div class=\"elementor-column elementor-col-33 elementor-top-column elementor-element elementor-element-af283e6\" data-id=\"af283e6\" data-element_type=\"column\" data-e-type=\"column\">\n\t\t\t<div class=\"elementor-widget-wrap elementor-element-populated\">\n\t\t\t\t\t\t<div class=\"elementor-element elementor-element-b79419f elementor-align-justify elementor-widget elementor-widget-button\" data-id=\"b79419f\" data-element_type=\"widget\" data-e-type=\"widget\" data-widget_type=\"button.default\">\n\t\t\t\t\t\t\t\t\t\t<a class=\"elementor-button elementor-button-link elementor-size-lg\" href=\"http:\/\/www.snepfsu-amiens.net\/amiens\/wp-content\/uploads\/2019\/07\/Projet-de-D\u00e9claration-liminaire-CAPA-Hors-classe-01-07-2019.pdf\" target=\"_blank\">\n\t\t\t\t\t\t<span class=\"elementor-button-content-wrapper\">\n\t\t\t\t\t\t\t\t\t<span class=\"elementor-button-text\">Lire la D\u00e9claration Liminaire  CAPA du 1er Juillet 2019<\/span>\n\t\t\t\t\t<\/span>\n\t\t\t\t\t<\/a>\n\t\t\t\t\t\t\t\t<\/div>\n\t\t\t\t\t<\/div>\n\t\t<\/div>\n\t\t\t\t<div class=\"elementor-column elementor-col-33 elementor-top-column elementor-element elementor-element-4b65775\" data-id=\"4b65775\" data-element_type=\"column\" data-e-type=\"column\">\n\t\t\t<div class=\"elementor-widget-wrap elementor-element-populated\">\n\t\t\t\t\t\t<div class=\"elementor-element elementor-element-e34c935 elementor-widget elementor-widget-button\" data-id=\"e34c935\" data-element_type=\"widget\" data-e-type=\"widget\" data-widget_type=\"button.default\">\n\t\t\t\t\t\t\t\t\t\t<a class=\"elementor-button elementor-button-link elementor-size-lg\" href=\"http:\/\/www.snepfsu-amiens.net\/amiens\/wp-content\/uploads\/2019\/07\/Bilan-CAPA-hors-classe-2018-19.pdf\" target=\"_blank\">\n\t\t\t\t\t\t<span class=\"elementor-button-content-wrapper\">\n\t\t\t\t\t\t\t\t\t<span class=\"elementor-button-text\">Lire le bilan de la CAPA Hors-Classe du 1er juillet 2019<\/span>\n\t\t\t\t\t<\/span>\n\t\t\t\t\t<\/a>\n\t\t\t\t\t\t\t\t<\/div>\n\t\t\t\t\t<\/div>\n\t\t<\/div>\n\t\t\t\t\t<\/div>\n\t\t<\/section>\n\t\t\t\t<section class=\"elementor-section elementor-top-section elementor-element elementor-element-53153f0 elementor-section-boxed elementor-section-height-default elementor-section-height-default\" data-id=\"53153f0\" data-element_type=\"section\" data-e-type=\"section\">\n\t\t\t\t\t\t<div class=\"elementor-container elementor-column-gap-default\">\n\t\t\t\t\t<div class=\"elementor-column elementor-col-100 elementor-top-column elementor-element elementor-element-22fdfa6\" data-id=\"22fdfa6\" data-element_type=\"column\" data-e-type=\"column\">\n\t\t\t<div class=\"elementor-widget-wrap elementor-element-populated\">\n\t\t\t\t\t\t<div class=\"elementor-element elementor-element-da6d455 elementor-widget elementor-widget-text-editor\" data-id=\"da6d455\" data-element_type=\"widget\" data-e-type=\"widget\" data-widget_type=\"text-editor.default\">\n\t\t\t\t\t\t\t\t\t<h2 style=\"text-align: center;\"><span class=\"matmenu\" style=\"font-family: arial, helvetica, sans-serif;\"><strong>Apr\u00e8s la CAPA boycott\u00e9e, le Snep FSU amiens si\u00e8geait ce lundi 1er juillet<\/strong><\/span><\/h2>\n<div>\n<table width=\"100%\" cellpadding=\"0\">\n<tbody>\n<tr>\n<td class=\"mailpoet_paragraph\" style=\"width: 213px; text-align: left;\"><span style=\"font-family: arial, helvetica, sans-serif;\">Retrouvez ci dessus toutes les informations concernant le CAPA de ce 1er Juillet 2019<\/span><\/td>\n<\/tr>\n<\/tbody>\n<\/table>\n<\/div>\t\t\t\t\t\t\t\t<\/div>\n\t\t\t\t<div class=\"elementor-element elementor-element-40eba5a elementor-widget elementor-widget-text-editor\" data-id=\"40eba5a\" data-element_type=\"widget\" data-e-type=\"widget\" data-widget_type=\"text-editor.default\">\n\t\t\t\t\t\t\t\t\t<h2 style=\"text-align: center;\"><span class=\"matmenu\" style=\"font-family: arial, helvetica, sans-serif;\"><strong>!!! Report\u00e9e au 1er JUILLET !!!<br \/>CAPA Hors-classe PEPS : Le SNEP-Fsu r\u00e9agit !<\/strong><\/span><\/h2>\n<div>\n<table width=\"100%\" cellpadding=\"0\">\n<tbody>\n<tr>\n<td class=\"mailpoet_paragraph\" style=\"width: 213px; text-align: left;\"><span style=\"font-family: arial, helvetica, sans-serif;\">Ce vendredi 24 Mai devait se tenir la CAPA acc\u00e8s \u00e0 la Hors-classe des Professeurs d&rsquo;EPS.<\/span><\/td>\n<\/tr>\n<\/tbody>\n<\/table>\n<table width=\"100%\" cellpadding=\"0\">\n<tbody>\n<tr>\n<td class=\"mailpoet_paragraph\" style=\"text-align: left;\"><span style=\"font-family: arial, helvetica, sans-serif;\">Au regard des documents de travail transmis par le rectorat, les commissaires paritaires du SNEP -FSU ont mis en \u00e9vidence une diff\u00e9rence de traitement pour les coll\u00e8gues d&rsquo;EPS de l&rsquo;acad\u00e9mie par rapport aux r\u00e8gles nationales appliqu\u00e9es dans les autres acad\u00e9mies.<\/span><\/td>\n<\/tr>\n<\/tbody>\n<\/table>\n<table width=\"100%\" cellpadding=\"0\">\n<tbody>\n<tr>\n<td class=\"mailpoet_paragraph\" style=\"text-align: left;\"><span style=\"font-family: arial, helvetica, sans-serif;\">A Amiens, il semblait convenu qu&rsquo;en cas d&rsquo;\u00e9galit\u00e9 de bar\u00e8me l&rsquo;avis de la rectrice soit le premier discriminant. Or, au niveau national, dans un souci de justice et d&rsquo;\u00e9galit\u00e9 de traitement, le minist\u00e8re a d\u00e9finit 4 crit\u00e8res de d\u00e9partage (anciennet\u00e9 de corps, anciennet\u00e9 de grade, \u00e9chelon, anciennet\u00e9 dans l\u2019\u00e9chelon).<\/span><\/td>\n<\/tr>\n<\/tbody>\n<\/table>\n<table width=\"100%\" cellpadding=\"0\">\n<tbody>\n<tr>\n<td class=\"mailpoet_paragraph\" style=\"text-align: left;\"><span style=\"font-family: arial, helvetica, sans-serif;\">La non promotion pr\u00e9vue de plusieurs enseignants du 11\u00e8me \u00e9chelon au profit de coll\u00e8gues du 10\u00e8me bien plus jeunes, nous a conduit \u00e0 prendre la d\u00e9cision du refus de si\u00e9ger. Cette mise en \u0153uvre du bar\u00e8me est loin de correspondre \u00e0 l\u2019esprit du PPCR qui pr\u00e9voit que : \u00ab<strong><em>\u00a0<\/em><\/strong>La carri\u00e8re des agents a d\u00e9sormais vocation \u00e0 se d\u00e9rouler sur au moins deux grades [\u2026] \u00bb<\/span><br \/><span style=\"font-family: arial, helvetica, sans-serif;\">Cette CAPA sera reconvoqu\u00e9e prochainement. Nous ne manquerons pas de vous en tenir inform\u00e9s.<\/span><\/td>\n<\/tr>\n<\/tbody>\n<\/table>\n<table width=\"100%\" cellpadding=\"0\">\n<tbody>\n<tr>\n<td class=\"mailpoet_paragraph\" style=\"text-align: left;\">\n<p><span style=\"font-family: arial, helvetica, sans-serif;\">Retrouvez l&rsquo;int\u00e9gralit\u00e9 de la d\u00e9claration lue par les commissaires paritaires du SNEP FSU en d\u00e9but de s\u00e9ance avant de la quitter.\u00a0<a href=\"http:\/\/www.snepfsu-amiens.net\/amiens\/wp-content\/uploads\/2019\/05\/D%C3%A9claration-liminaire-CAPA-Hors-classe-24-05-2019.pdf\" target=\"_blank\" rel=\"noopener noreferrer\">CLIQUEZ ICI<\/a><\/span><\/p>\n<\/td>\n<\/tr>\n<\/tbody>\n<\/table>\n<table width=\"100%\" cellpadding=\"0\">\n<tbody>\n<tr>\n<td class=\"mailpoet_paragraph\" style=\"text-align: left;\"><span style=\"font-family: arial, helvetica, sans-serif;\">Enfin, sachez que ce boycott s&rsquo;est construit en \u00e9troite collaboration avec les \u00e9lus du SNES-FSU pour affirmer une position commune au sein de notre f\u00e9d\u00e9ration.<\/span><br \/><span style=\"font-family: arial, helvetica, sans-serif;\">Retrouvez le boycott du SNES -FSU ICI :\u00a0<a href=\"https:\/\/amiens.snes.edu\/Boycott-de-CAPA-hors-classe-des-certifies.html\" target=\"_blank\" rel=\"noopener\">https:\/\/amiens.snes.edu\/Boycott-de-CAPA-hors-classe-des-certifies.html<\/a><\/span><\/td>\n<\/tr>\n<\/tbody>\n<\/table>\n<p><span class=\"matmenu\" style=\"font-family: arial, helvetica, sans-serif;\"><strong>\u00a0<\/strong><\/span><\/p>\n<\/div>\n<p>\u00a0<\/p>\t\t\t\t\t\t\t\t<\/div>\n\t\t\t\t\t<\/div>\n\t\t<\/div>\n\t\t\t\t\t<\/div>\n\t\t<\/section>\n\t\t\t\t<\/div>\n\t\t","protected":false},"excerpt":{"rendered":"<p>Sur cette page, vous trouverez toutes les infos relatives \u00e0 l&rsquo;acc\u00e8s \u00e0 la Hors-Classe des professeurs d&rsquo;EPS. Pour toutes questions,<\/p>\n","protected":false},"author":1,"featured_media":4807,"parent":0,"menu_order":0,"comment_status":"closed","ping_status":"closed","template":"","meta":{"colormag_page_container_layout":"default_layout","colormag_page_sidebar_layout":"default_layout","footnotes":""},"class_list":["post-3631","page","type-page","status-publish","has-post-thumbnail","hentry"],"_links":{"self":[{"href":"https:\/\/snepfsu-amiens.net\/index.php\/wp-json\/wp\/v2\/pages\/3631","targetHints":{"allow":["GET"]}}],"collection":[{"href":"https:\/\/snepfsu-amiens.net\/index.php\/wp-json\/wp\/v2\/pages"}],"about":[{"href":"https:\/\/snepfsu-amiens.net\/index.php\/wp-json\/wp\/v2\/types\/page"}],"author":[{"embeddable":true,"href":"https:\/\/snepfsu-amiens.net\/index.php\/wp-json\/wp\/v2\/users\/1"}],"replies":[{"embeddable":true,"href":"https:\/\/snepfsu-amiens.net\/index.php\/wp-json\/wp\/v2\/comments?post=3631"}],"version-history":[{"count":0,"href":"https:\/\/snepfsu-amiens.net\/index.php\/wp-json\/wp\/v2\/pages\/3631\/revisions"}],"wp:attachment":[{"href":"https:\/\/snepfsu-amiens.net\/index.php\/wp-json\/wp\/v2\/media?parent=3631"}],"curies":[{"name":"wp","href":"https:\/\/api.w.org\/{rel}","templated":true}]}}