{"id":3405,"date":"2018-04-01T08:26:50","date_gmt":"2018-04-01T07:26:50","guid":{"rendered":"http:\/\/www.snepfsu-amiens.net\/amiens\/?page_id=3405"},"modified":"2018-04-01T08:26:50","modified_gmt":"2018-04-01T07:26:50","slug":"edito","status":"publish","type":"page","link":"https:\/\/snepfsu-amiens.net\/index.php\/edito\/","title":{"rendered":"Edito"},"content":{"rendered":"\t\t<div data-elementor-type=\"wp-page\" data-elementor-id=\"3405\" class=\"elementor elementor-3405 elementor-bc-flex-widget\">\n\t\t\t\t\t\t<section class=\"elementor-section elementor-top-section elementor-element elementor-element-599a04b9 elementor-section-boxed elementor-section-height-default elementor-section-height-default\" data-id=\"599a04b9\" data-element_type=\"section\" data-e-type=\"section\">\n\t\t\t\t\t\t<div class=\"elementor-container elementor-column-gap-default\">\n\t\t\t\t\t<div class=\"elementor-column elementor-col-100 elementor-top-column elementor-element elementor-element-75577655\" data-id=\"75577655\" data-element_type=\"column\" data-e-type=\"column\">\n\t\t\t<div class=\"elementor-widget-wrap elementor-element-populated\">\n\t\t\t\t\t\t<div class=\"elementor-element elementor-element-189e05c3 elementor-widget elementor-widget-text-editor\" data-id=\"189e05c3\" data-element_type=\"widget\" data-e-type=\"widget\" data-widget_type=\"text-editor.default\">\n\t\t\t\t\t\t\t\t\t<p style=\"text-align: left;\"><img decoding=\"async\" class=\"alignright\" src=\"http:\/\/www.snepfsu-amiens.net\/amiens\/wp-content\/uploads\/2015\/10\/michel.jpg\" alt=\"\" width=\"144\" height=\"150\" \/><span class=\"matmenu\"><span style=\"font-weight: 400;\">Il en faudrait peu pour \u00eatre heureux.<\/span><\/span><\/p>\n<p style=\"text-align: justify;\"><span style=\"font-weight: 400;\">C\u2019est peu dire que la r\u00e9\u00e9lection du Pr\u00e9sident Macron suscite peu d\u2019enthousiasme\u00a0 dans le monde de l\u2019Education dont celui de l\u2019EPS.<\/span><\/p>\n<p style=\"text-align: justify;\"><span style=\"font-weight: 400;\">Cela fait tellement d\u2019ann\u00e9es que nous encaissons de mauvais coups que nous n\u2019esp\u00e9rons plus grand-chose des gouvernements qui se succ\u00e8dent, ce qui tr\u00e8s certainement explique pour partie les taux-records d\u2019abstention aux \u00e9lections.<\/span><\/p>\n<p style=\"text-align: justify;\"><span style=\"font-weight: 400;\">Pourtant il en suffirait peu pour redonner de l\u2019espoir aux enseignants\u00a0: am\u00e9lioration des r\u00e9mun\u00e9rations et des conditions d\u2019exercice du m\u00e9tier, des perspectives de carri\u00e8re et de d\u00e9part \u00e0 la retraite\u00a0 motivantes, des relations apais\u00e9es dans les \u00e9tablissements scolaires, des choix coh\u00e9rents d\u2019\u00e9volution des programmes et de la certification aux examens\u2026<\/span><\/p>\n<p style=\"text-align: justify;\"><span style=\"font-weight: 400;\">Or, ce peu c\u2019est d\u00e9j\u00e0 beaucoup trop pour nos gouvernants qui ne nous conc\u00e8dent quelques miettes que sous la pression.<\/span><\/p>\n<p style=\"text-align: justify;\"><span style=\"font-weight: 400;\">Les \u00e9lections l\u00e9gislatives sont l\u2019occasion de faire monter encore davantage la pression que l\u2019activit\u00e9 syndicale maintient sans rel\u00e2che mais qui peine \u00e0 trouver de l\u2019\u00e9cho \u00e0 l\u2019assembl\u00e9e nationale.<\/span><\/p>\n<p style=\"text-align: justify;\"><span style=\"font-weight: 400;\">Le grand soir n\u2019est peut-\u00eatre pas pour demain mais donnons-nous l\u2019espoir de revoir un peu la lumi\u00e8re.<\/span><\/p>\n<p style=\"text-align: justify;\"><span style=\"font-weight: 400;\">Bon courage pour ce dernier mois d\u2019une ann\u00e9e scolaire encore \u00e9prouvante.<\/span><\/p>\n<p style=\"text-align: right;\"><span style=\"font-weight: 400;\">Michel Gu\u00e9lou le 4 juin 2022<\/span><\/p>\t\t\t\t\t\t\t\t<\/div>\n\t\t\t\t\t<\/div>\n\t\t<\/div>\n\t\t\t\t\t<\/div>\n\t\t<\/section>\n\t\t\t\t<\/div>\n\t\t","protected":false},"excerpt":{"rendered":"<p>Il en faudrait peu pour \u00eatre heureux. C\u2019est peu dire que la r\u00e9\u00e9lection du Pr\u00e9sident Macron suscite peu d\u2019enthousiasme\u00a0 dans<\/p>\n","protected":false},"author":1,"featured_media":0,"parent":0,"menu_order":0,"comment_status":"closed","ping_status":"closed","template":"","meta":{"colormag_page_container_layout":"default_layout","colormag_page_sidebar_layout":"default_layout","footnotes":""},"class_list":["post-3405","page","type-page","status-publish","hentry"],"_links":{"self":[{"href":"https:\/\/snepfsu-amiens.net\/index.php\/wp-json\/wp\/v2\/pages\/3405","targetHints":{"allow":["GET"]}}],"collection":[{"href":"https:\/\/snepfsu-amiens.net\/index.php\/wp-json\/wp\/v2\/pages"}],"about":[{"href":"https:\/\/snepfsu-amiens.net\/index.php\/wp-json\/wp\/v2\/types\/page"}],"author":[{"embeddable":true,"href":"https:\/\/snepfsu-amiens.net\/index.php\/wp-json\/wp\/v2\/users\/1"}],"replies":[{"embeddable":true,"href":"https:\/\/snepfsu-amiens.net\/index.php\/wp-json\/wp\/v2\/comments?post=3405"}],"version-history":[{"count":0,"href":"https:\/\/snepfsu-amiens.net\/index.php\/wp-json\/wp\/v2\/pages\/3405\/revisions"}],"wp:attachment":[{"href":"https:\/\/snepfsu-amiens.net\/index.php\/wp-json\/wp\/v2\/media?parent=3405"}],"curies":[{"name":"wp","href":"https:\/\/api.w.org\/{rel}","templated":true}]}}