{"id":3198,"date":"2018-03-10T20:26:23","date_gmt":"2018-03-10T19:26:23","guid":{"rendered":"http:\/\/www.snepfsu-amiens.net\/amiens\/?page_id=3198"},"modified":"2018-03-10T20:26:23","modified_gmt":"2018-03-10T19:26:23","slug":"les-responsables-de-commissions","status":"publish","type":"page","link":"https:\/\/snepfsu-amiens.net\/index.php\/les-responsables-de-commissions\/","title":{"rendered":"Les responsables de commissions"},"content":{"rendered":"\t\t<div data-elementor-type=\"wp-page\" data-elementor-id=\"3198\" class=\"elementor elementor-3198 elementor-bc-flex-widget\">\n\t\t\t\t\t\t<section class=\"elementor-section elementor-top-section elementor-element elementor-element-dc81b00 elementor-section-boxed elementor-section-height-default elementor-section-height-default\" data-id=\"dc81b00\" data-element_type=\"section\" data-e-type=\"section\">\n\t\t\t\t\t\t<div class=\"elementor-container elementor-column-gap-default\">\n\t\t\t\t\t<div class=\"elementor-column elementor-col-100 elementor-top-column elementor-element elementor-element-b7845ff\" data-id=\"b7845ff\" data-element_type=\"column\" data-e-type=\"column\">\n\t\t\t<div class=\"elementor-widget-wrap elementor-element-populated\">\n\t\t\t\t\t\t<div class=\"elementor-element elementor-element-7f87652 elementor-widget elementor-widget-text-editor\" data-id=\"7f87652\" data-element_type=\"widget\" data-e-type=\"widget\" data-widget_type=\"text-editor.default\">\n\t\t\t\t\t\t\t\t\t<p>Comit\u00e9 Technique Acad\u00e9mique (CTA) :\u00a0<strong><a href=\"mailto:nico.goral@laposte.net\">Nicolas Goralczyk<\/a><\/strong><\/p>\n<p><span style=\"font-family: sourcesanspro-light-webfont, 'sans serif'; font-size: 18px;\">Comit\u00e9 Technique Sp\u00e9cial D\u00e9partemental 02 (CTSD) :<\/span><strong style=\"font-family: sourcesanspro-light-webfont, 'sans serif'; font-size: 18px;\">\u00a0<a href=\"mailto:marc.meunier@snepfsu-amiens.net\">Marc Meunier<\/a><\/strong><\/p>\n<p>Comit\u00e9 Technique Sp\u00e9cial D\u00e9partemental 60 (CTSD) :<strong>\u00a0<a href=\"mailto:alaingroc@club-internet.fr\">Alain Groc<\/a>\u00a0<\/strong><\/p>\n<p>Comit\u00e9 Technique Sp\u00e9cial D\u00e9partemental 80 (CTSD) :<strong>\u00a0<a href=\"mailto:thierry.apchin@ac-amiens.fr\">Thierry Apchin \/<\/a><a href=\"mailto:lproyart@ac-amiens.fr\">Lo\u00efc Proyart<\/a><\/strong><\/p>\t\t\t\t\t\t\t\t<\/div>\n\t\t\t\t\t<\/div>\n\t\t<\/div>\n\t\t\t\t\t<\/div>\n\t\t<\/section>\n\t\t\t\t<section class=\"elementor-section elementor-top-section elementor-element elementor-element-e198b4e elementor-section-boxed elementor-section-height-default elementor-section-height-default\" data-id=\"e198b4e\" data-element_type=\"section\" data-e-type=\"section\">\n\t\t\t\t\t\t<div class=\"elementor-container elementor-column-gap-default\">\n\t\t\t\t\t<div class=\"elementor-column elementor-col-100 elementor-top-column elementor-element elementor-element-7d0b558\" data-id=\"7d0b558\" data-element_type=\"column\" data-e-type=\"column\">\n\t\t\t<div class=\"elementor-widget-wrap elementor-element-populated\">\n\t\t\t\t\t\t<div class=\"elementor-element elementor-element-9025c03 elementor-widget elementor-widget-text-editor\" data-id=\"9025c03\" data-element_type=\"widget\" data-e-type=\"widget\" data-widget_type=\"text-editor.default\">\n\t\t\t\t\t\t\t\t\t<p>Conseil acad\u00e9mique de l\u2019Education Nationale (CAEN) :\u00a0<a href=\"mailto:thierry.patinet@snepfsu-amiens.net\"><strong>Thierry Patinet<\/strong><\/a>\u00a0\/<strong><a href=\"mailto:michel.guelou@snepfsu-amiens.net\">\u00a0Michel Gu\u00e9lou<\/a><\/strong><\/p>\n<p><span style=\"font-family: sourcesanspro-light-webfont, 'sans serif'; font-size: 18px;\">Conseil d\u00e9partemental de l\u2019Education nationale 02 (CDEN) :\u00a0<\/span><strong style=\"font-family: sourcesanspro-light-webfont, 'sans serif'; font-size: 18px;\"><a href=\"mailto:marc.meunier@snepfsu-amiens.net\">Marc Meunier<\/a><\/strong><span style=\"font-family: sourcesanspro-light-webfont, 'sans serif'; font-size: 18px;\">\u00a0(suppl\u00e9ant)<\/span><\/p>\n<p>Conseil d\u00e9partemental de l\u2019Education nationale 60 (CDEN) :\u00a0<strong><a href=\"mailto:alaingroc@club-internet.fr\">Alain Groc<\/a>\u00a0\u00a0<a href=\"mailto:michel.guelou@snepfsu-amiens.net\">\u00a0Michel Gu\u00e9lou<\/a><\/strong><\/p>\n<p>Conseil d\u00e9partemental de l\u2019Education nationale 80 (CDEN) :\u00a0<strong><a href=\"mailto:florence.danquigny@snepfsu-amiens.net\">Florence Danquigny<\/a><\/strong><\/p>\t\t\t\t\t\t\t\t<\/div>\n\t\t\t\t\t<\/div>\n\t\t<\/div>\n\t\t\t\t\t<\/div>\n\t\t<\/section>\n\t\t\t\t<section class=\"elementor-section elementor-top-section elementor-element elementor-element-8e057b5 elementor-section-boxed elementor-section-height-default elementor-section-height-default\" data-id=\"8e057b5\" data-element_type=\"section\" data-e-type=\"section\">\n\t\t\t\t\t\t<div class=\"elementor-container elementor-column-gap-default\">\n\t\t\t\t\t<div class=\"elementor-column elementor-col-100 elementor-top-column elementor-element elementor-element-16c53a6\" data-id=\"16c53a6\" data-element_type=\"column\" data-e-type=\"column\">\n\t\t\t<div class=\"elementor-widget-wrap elementor-element-populated\">\n\t\t\t\t\t\t<div class=\"elementor-element elementor-element-a76eb64 elementor-widget elementor-widget-text-editor\" data-id=\"a76eb64\" data-element_type=\"widget\" data-e-type=\"widget\" data-widget_type=\"text-editor.default\">\n\t\t\t\t\t\t\t\t\t<p>Conseil R\u00e9gional UNSS (CRUNSS) :\u00a0<a href=\"mailto:michel.guelou@snepfsu-amiens.net\"><strong>Michel Gu\u00e9lou<\/strong><\/a>\u00a0\/\u00a0<strong><a href=\"mailto:guillaume.ancelet@snepfsu-amiens.net\">Guillaume Ancelet<\/a><\/strong><\/p>\n<p><span style=\"font-family: sourcesanspro-light-webfont, 'sans serif'; font-size: 18px;\">Conseil D\u00e9partemental UNSS 02 (CDUNSS) :\u00a0<\/span><strong style=\"font-family: sourcesanspro-light-webfont, 'sans serif'; font-size: 18px;\"><a href=\"mailto:herve.szablewski@gmail.com\">Herv\u00e9 Szablewski<\/a><\/strong><span style=\"font-family: sourcesanspro-light-webfont, 'sans serif'; font-size: 18px;\">\u00a0\/\u00a0<\/span><strong style=\"font-family: sourcesanspro-light-webfont, 'sans serif'; font-size: 18px;\"><a href=\"mailto:nico.goral@laposte.net\">Nicolas Goralczyk<\/a><\/strong><\/p>\n<p>Conseil D\u00e9partemental UNSS 60 (CDUNSS) :\u00a0<a href=\"mailto:michel.guelou@snepfsu-amiens.net\"><strong>Michel Gu\u00e9lou\u00a0 \u00a0\u00a0<\/strong><\/a><strong>Sophie Lopez<\/strong><\/p>\n<p>Conseil D\u00e9partemental UNSS 80 (CDUNSS) :\u00a0<a href=\"mailto:jcsab@sfr.fr\"><strong>Jean Christophe Aupy<\/strong><\/a>\u00a0\/\u00a0<a href=\"mailto:guillaume.ancelet@snepfsu-amiens.net\"><strong>Guillaume Ancelet<\/strong><\/a><\/p>\t\t\t\t\t\t\t\t<\/div>\n\t\t\t\t\t<\/div>\n\t\t<\/div>\n\t\t\t\t\t<\/div>\n\t\t<\/section>\n\t\t\t\t<section class=\"elementor-section elementor-top-section elementor-element elementor-element-81117ec elementor-section-boxed elementor-section-height-default elementor-section-height-default\" data-id=\"81117ec\" data-element_type=\"section\" data-e-type=\"section\">\n\t\t\t\t\t\t<div class=\"elementor-container elementor-column-gap-default\">\n\t\t\t\t\t<div class=\"elementor-column elementor-col-100 elementor-top-column elementor-element elementor-element-cad9903\" data-id=\"cad9903\" data-element_type=\"column\" data-e-type=\"column\">\n\t\t\t<div class=\"elementor-widget-wrap elementor-element-populated\">\n\t\t\t\t\t\t<div class=\"elementor-element elementor-element-abff72b elementor-widget elementor-widget-text-editor\" data-id=\"abff72b\" data-element_type=\"widget\" data-e-type=\"widget\" data-widget_type=\"text-editor.default\">\n\t\t\t\t\t\t\t\t\t<p>Commission de r\u00e9forme 02 :<strong>\u00a0<a href=\"mailto:marc.meunier@snepfsu-amiens.net\">Marc Meunier<\/a>\u00a0\/\u00a0<a href=\"mailto:nico.goral@laposte.net\">Nicolas Goralczyk<\/a><\/strong><\/p>\n<p>Commission de r\u00e9forme 60 :<strong>\u00a0\u00a0<a href=\"mailto:alaingroc@club-internet.fr\">Alain Groc<\/a>\u00a0 \/ Isabelle Font<\/strong><\/p>\n<p>Commission de r\u00e9forme 80 :<strong>\u00a0<a href=\"mailto:florence.danquigny@snepfsu-amiens.net\">Florence Danquigny<\/a>\u00a0\/<a href=\"mailto:lproyart@ac-amiens.fr\">Lo\u00efc Proyart<\/a><\/strong><\/p>\t\t\t\t\t\t\t\t<\/div>\n\t\t\t\t\t<\/div>\n\t\t<\/div>\n\t\t\t\t\t<\/div>\n\t\t<\/section>\n\t\t\t\t<section class=\"elementor-section elementor-top-section elementor-element elementor-element-abbee90 elementor-section-boxed elementor-section-height-default elementor-section-height-default\" data-id=\"abbee90\" data-element_type=\"section\" data-e-type=\"section\">\n\t\t\t\t\t\t<div class=\"elementor-container elementor-column-gap-default\">\n\t\t\t\t\t<div class=\"elementor-column elementor-col-100 elementor-top-column elementor-element elementor-element-78d4203\" data-id=\"78d4203\" data-element_type=\"column\" data-e-type=\"column\">\n\t\t\t<div class=\"elementor-widget-wrap elementor-element-populated\">\n\t\t\t\t\t\t<div class=\"elementor-element elementor-element-a00ed85 elementor-widget elementor-widget-text-editor\" data-id=\"a00ed85\" data-element_type=\"widget\" data-e-type=\"widget\" data-widget_type=\"text-editor.default\">\n\t\t\t\t\t\t\t\t\t<p>Comit\u00e9 d\u2019Hygi\u00e8ne et de S\u00e9curit\u00e9- Conditions de travail (CHS-CT) Acad\u00e9mique<strong>\u00a0:\u00a0<a href=\"mailto:thierry.patinet@snepfsu-amiens.net\">Thierry Patinet<\/a><\/strong><\/p>\n<p>Comit\u00e9 d\u2019Hygi\u00e8ne et de S\u00e9curit\u00e9- Conditions de travail (CHS-CT) 02 :<strong>\u00a0<a href=\"mailto:nico.goral@laposte.net\">Nicolas Goralczyk<\/a>\u00a0<\/strong>(<strong><a href=\"mailto:marc.meunier@snepfsu-amiens.net\">Marc Meunier<\/a><\/strong>\u00a0suppl\u00e9ant)<\/p>\n<p>Comit\u00e9 d\u2019Hygi\u00e8ne et de S\u00e9curit\u00e9- Conditions de travail (CHS-CT) 60 :<strong>\u00a0<a href=\"mailto:thierry.patinet@snepfsu-amiens.net\">Thierry Patinet<\/a><\/strong><\/p>\n<p>Comit\u00e9 d\u2019Hygi\u00e8ne et de S\u00e9curit\u00e9- Conditions de travail (CHS-CT) 80<strong>\u00a0:\u00a0<a href=\"mailto:guillaume.ancelet@snepfsu-amiens.net\">Guillaume Ancelet<\/a><\/strong><\/p>\t\t\t\t\t\t\t\t<\/div>\n\t\t\t\t\t<\/div>\n\t\t<\/div>\n\t\t\t\t\t<\/div>\n\t\t<\/section>\n\t\t\t\t<section class=\"elementor-section elementor-top-section elementor-element elementor-element-168fd4e elementor-section-boxed elementor-section-height-default elementor-section-height-default\" data-id=\"168fd4e\" data-element_type=\"section\" data-e-type=\"section\">\n\t\t\t\t\t\t<div class=\"elementor-container elementor-column-gap-default\">\n\t\t\t\t\t<div class=\"elementor-column elementor-col-100 elementor-top-column elementor-element elementor-element-a120508\" data-id=\"a120508\" data-element_type=\"column\" data-e-type=\"column\">\n\t\t\t<div class=\"elementor-widget-wrap elementor-element-populated\">\n\t\t\t\t\t\t<div class=\"elementor-element elementor-element-cf2ae48 elementor-widget elementor-widget-text-editor\" data-id=\"cf2ae48\" data-element_type=\"widget\" data-e-type=\"widget\" data-widget_type=\"text-editor.default\">\n\t\t\t\t\t\t\t\t\t<p>Conseil F\u00e9d\u00e9ral R\u00e9gional (CFR) de la FSU :\u00a0<a href=\"mailto:thierry.patinet@snepfsu-amiens.net\"><strong>Thierry Patinet<\/strong><\/a>\u00a0\/\u00a0<strong><a href=\"mailto:nico.goral@laposte.net\">Nicolas Goralczyk<\/a><\/strong><\/p>\n<p><span style=\"font-family: sourcesanspro-light-webfont, 'sans serif'; font-size: 18px;\">Conseil D\u00e9lib\u00e9ratif F\u00e9d\u00e9ral D\u00e9partemental (CDFD) FSU 02 :\u00a0<\/span><strong style=\"font-family: sourcesanspro-light-webfont, 'sans serif'; font-size: 18px;\"><a href=\"mailto:marc.meunier@snepfsu-amiens.net\">Marc Meunier<\/a><\/strong><\/p>\n<p>Conseil D\u00e9lib\u00e9ratif F\u00e9d\u00e9ral D\u00e9partemental (CDFD) FSU 60 :\u00a0<a href=\"mailto:thierry.patinet@snepfsu-amiens.net\"><strong>Thierry Patinet<\/strong><\/a>\u00a0\/<a href=\"mailto:michel.guelou@snepfsu-amiens.net\"><strong>Michel Gu\u00e9lou<\/strong><\/a><\/p>\n<p>Conseil D\u00e9lib\u00e9ratif F\u00e9d\u00e9ral D\u00e9partemental (CDFD) FSU 80 :\u00a0<a href=\"mailto:guillaume.ancelet@snepfsu-amiens.net\"><strong>Guillaume Ancelet\u00a0<\/strong><\/a>\/\u00a0<a href=\"mailto:mc.baudelet@snepfsu-amiens.net\"><strong>Marie-Claude Baudele<\/strong><\/a>t<\/p>\t\t\t\t\t\t\t\t<\/div>\n\t\t\t\t\t<\/div>\n\t\t<\/div>\n\t\t\t\t\t<\/div>\n\t\t<\/section>\n\t\t\t\t<\/div>\n\t\t","protected":false},"excerpt":{"rendered":"<p>Comit\u00e9 Technique Acad\u00e9mique (CTA) :\u00a0Nicolas Goralczyk Comit\u00e9 Technique Sp\u00e9cial D\u00e9partemental 02 (CTSD) :\u00a0Marc Meunier Comit\u00e9 Technique Sp\u00e9cial D\u00e9partemental 60 (CTSD)<\/p>\n","protected":false},"author":1,"featured_media":0,"parent":0,"menu_order":0,"comment_status":"closed","ping_status":"closed","template":"","meta":{"colormag_page_container_layout":"default_layout","colormag_page_sidebar_layout":"default_layout","footnotes":""},"class_list":["post-3198","page","type-page","status-publish","hentry"],"_links":{"self":[{"href":"https:\/\/snepfsu-amiens.net\/index.php\/wp-json\/wp\/v2\/pages\/3198","targetHints":{"allow":["GET"]}}],"collection":[{"href":"https:\/\/snepfsu-amiens.net\/index.php\/wp-json\/wp\/v2\/pages"}],"about":[{"href":"https:\/\/snepfsu-amiens.net\/index.php\/wp-json\/wp\/v2\/types\/page"}],"author":[{"embeddable":true,"href":"https:\/\/snepfsu-amiens.net\/index.php\/wp-json\/wp\/v2\/users\/1"}],"replies":[{"embeddable":true,"href":"https:\/\/snepfsu-amiens.net\/index.php\/wp-json\/wp\/v2\/comments?post=3198"}],"version-history":[{"count":0,"href":"https:\/\/snepfsu-amiens.net\/index.php\/wp-json\/wp\/v2\/pages\/3198\/revisions"}],"wp:attachment":[{"href":"https:\/\/snepfsu-amiens.net\/index.php\/wp-json\/wp\/v2\/media?parent=3198"}],"curies":[{"name":"wp","href":"https:\/\/api.w.org\/{rel}","templated":true}]}}