{"id":3174,"date":"2018-03-10T14:36:08","date_gmt":"2018-03-10T13:36:08","guid":{"rendered":"http:\/\/www.snepfsu-amiens.net\/amiens\/?page_id=3174"},"modified":"2018-03-10T14:36:08","modified_gmt":"2018-03-10T13:36:08","slug":"mesures-de-cartes-scolaires","status":"publish","type":"page","link":"https:\/\/snepfsu-amiens.net\/index.php\/mesures-de-cartes-scolaires\/","title":{"rendered":"Mesures de cartes scolaires"},"content":{"rendered":"\t\t<div data-elementor-type=\"wp-page\" data-elementor-id=\"3174\" class=\"elementor elementor-3174 elementor-bc-flex-widget\">\n\t\t\t\t\t\t<section class=\"elementor-section elementor-top-section elementor-element elementor-element-e2aacda elementor-section-boxed elementor-section-height-default elementor-section-height-default\" data-id=\"e2aacda\" data-element_type=\"section\" data-e-type=\"section\">\n\t\t\t\t\t\t<div class=\"elementor-container elementor-column-gap-default\">\n\t\t\t\t\t<div class=\"elementor-column elementor-col-100 elementor-top-column elementor-element elementor-element-9f45fd7\" data-id=\"9f45fd7\" data-element_type=\"column\" data-e-type=\"column\">\n\t\t\t<div class=\"elementor-widget-wrap elementor-element-populated\">\n\t\t\t\t\t\t<div class=\"elementor-element elementor-element-47c1fa7 elementor-widget elementor-widget-text-editor\" data-id=\"47c1fa7\" data-element_type=\"widget\" data-e-type=\"widget\" data-widget_type=\"text-editor.default\">\n\t\t\t\t\t\t\t\t\t<p>Il arrive lorsqu&rsquo;un \u00e9tablissement perd des moyens horaires pour la rentr\u00e9e suivante, qu&rsquo;un poste soit supprim\u00e9 en EPS. Un coll\u00e8gue est alors concern\u00e9 par une mesure de carte scolaire. Retrouvez sur cette page toutes les informations concernant cette disposition. Bonne lecture<\/p>\t\t\t\t\t\t\t\t<\/div>\n\t\t\t\t\t<\/div>\n\t\t<\/div>\n\t\t\t\t\t<\/div>\n\t\t<\/section>\n\t\t\t\t<section class=\"elementor-section elementor-top-section elementor-element elementor-element-c5e252d elementor-section-boxed elementor-section-height-default elementor-section-height-default\" data-id=\"c5e252d\" data-element_type=\"section\" data-e-type=\"section\">\n\t\t\t\t\t\t<div class=\"elementor-container elementor-column-gap-default\">\n\t\t\t\t\t<div class=\"elementor-column elementor-col-100 elementor-top-column elementor-element elementor-element-0a64f40\" data-id=\"0a64f40\" data-element_type=\"column\" data-e-type=\"column\">\n\t\t\t<div class=\"elementor-widget-wrap elementor-element-populated\">\n\t\t\t\t\t\t<section class=\"elementor-section elementor-inner-section elementor-element elementor-element-e1f2929 elementor-section-boxed elementor-section-height-default elementor-section-height-default\" data-id=\"e1f2929\" data-element_type=\"section\" data-e-type=\"section\">\n\t\t\t\t\t\t<div class=\"elementor-container elementor-column-gap-default\">\n\t\t\t\t\t<div class=\"elementor-column elementor-col-50 elementor-inner-column elementor-element elementor-element-a72998c\" data-id=\"a72998c\" data-element_type=\"column\" data-e-type=\"column\">\n\t\t\t<div class=\"elementor-widget-wrap elementor-element-populated\">\n\t\t\t\t\t\t<div class=\"elementor-element elementor-element-40a14bc elementor-widget elementor-widget-image\" data-id=\"40a14bc\" data-element_type=\"widget\" data-e-type=\"widget\" data-widget_type=\"image.default\">\n\t\t\t\t\t\t\t\t\t\t\t\t\t\t\t\t<a href=\"http:\/\/www.snepfsu-amiens.net\/amiens\/wp-content\/uploads\/2020\/03\/mcsetb20.pdf\" target=\"_blank\">\n\t\t\t\t\t\t\t<img decoding=\"async\" src=\"http:\/\/www.snepfsu-amiens.net\/amiens\/wp-content\/uploads\/2012\/12\/pdf1.png\" title=\"\" alt=\"\" loading=\"lazy\" \/>\t\t\t\t\t\t\t\t<\/a>\n\t\t\t\t\t\t\t\t\t\t\t\t\t\t\t<\/div>\n\t\t\t\t\t<\/div>\n\t\t<\/div>\n\t\t\t\t<div class=\"elementor-column elementor-col-50 elementor-inner-column elementor-element elementor-element-d896465\" data-id=\"d896465\" data-element_type=\"column\" data-e-type=\"column\">\n\t\t\t<div class=\"elementor-widget-wrap elementor-element-populated\">\n\t\t\t\t\t\t<div class=\"elementor-element elementor-element-303dc0d elementor-widget elementor-widget-text-editor\" data-id=\"303dc0d\" data-element_type=\"widget\" data-e-type=\"widget\" data-widget_type=\"text-editor.default\">\n\t\t\t\t\t\t\t\t\t<p><span class=\"matmenu\">GT mesure de cartes scolaire 2020<\/span><\/p>\n<p>D\u00e9sormais, depuis la r\u00e9forme de la fonction publique de 2019, les commissaires paritaires ne si\u00e8gent plus en Groupe de Travail pour faire respecter les r\u00e8gles de la circulaire acad\u00e9mique des MCS . Malgr\u00e9 tout, ils continuent de vous assurer une aide si vous \u00eates concern\u00e9s dans votre \u00e9tablissement.<\/p>\n<p>N&rsquo;h\u00e9sitez pas \u00e0 les contacter si vous \u00eates concern\u00e9s :<\/p>\n<p>Pour l&rsquo;Aisne : Nicolas Goralczyk : <a href=\"mailto:nico.goral@laposte.net\" target=\"_blank\" rel=\"noopener\">nico.goral@laposte.net<\/a><\/p>\n<p>Pour l&rsquo;Oise : Michel Gu\u00e9lou : <a href=\"mailto:michel.guelou@snepfsu-amiens.net\" target=\"_blank\" rel=\"noopener\">michel.guelou@snepfsu-amiens.net<\/a><\/p>\n<p>Pour la Somme : Lo\u00efc Proyart : <a href=\"mailto:lproyart@ac-amiens.fr\" target=\"_blank\" rel=\"noopener\">lproyart@ac-amiens.fr<\/a><\/p>\t\t\t\t\t\t\t\t<\/div>\n\t\t\t\t\t<\/div>\n\t\t<\/div>\n\t\t\t\t\t<\/div>\n\t\t<\/section>\n\t\t\t\t\t<\/div>\n\t\t<\/div>\n\t\t\t\t\t<\/div>\n\t\t<\/section>\n\t\t\t\t<\/div>\n\t\t","protected":false},"excerpt":{"rendered":"<p>Il arrive lorsqu&rsquo;un \u00e9tablissement perd des moyens horaires pour la rentr\u00e9e suivante, qu&rsquo;un poste soit supprim\u00e9 en EPS. Un coll\u00e8gue<\/p>\n","protected":false},"author":1,"featured_media":0,"parent":0,"menu_order":0,"comment_status":"closed","ping_status":"closed","template":"","meta":{"colormag_page_container_layout":"default_layout","colormag_page_sidebar_layout":"default_layout","footnotes":""},"class_list":["post-3174","page","type-page","status-publish","hentry"],"_links":{"self":[{"href":"https:\/\/snepfsu-amiens.net\/index.php\/wp-json\/wp\/v2\/pages\/3174","targetHints":{"allow":["GET"]}}],"collection":[{"href":"https:\/\/snepfsu-amiens.net\/index.php\/wp-json\/wp\/v2\/pages"}],"about":[{"href":"https:\/\/snepfsu-amiens.net\/index.php\/wp-json\/wp\/v2\/types\/page"}],"author":[{"embeddable":true,"href":"https:\/\/snepfsu-amiens.net\/index.php\/wp-json\/wp\/v2\/users\/1"}],"replies":[{"embeddable":true,"href":"https:\/\/snepfsu-amiens.net\/index.php\/wp-json\/wp\/v2\/comments?post=3174"}],"version-history":[{"count":0,"href":"https:\/\/snepfsu-amiens.net\/index.php\/wp-json\/wp\/v2\/pages\/3174\/revisions"}],"wp:attachment":[{"href":"https:\/\/snepfsu-amiens.net\/index.php\/wp-json\/wp\/v2\/media?parent=3174"}],"curies":[{"name":"wp","href":"https:\/\/api.w.org\/{rel}","templated":true}]}}