{"id":3007,"date":"2018-02-09T14:13:27","date_gmt":"2018-02-09T13:13:27","guid":{"rendered":"http:\/\/www.snepfsu-amiens.net\/amiens\/?page_id=3007"},"modified":"2018-02-09T14:13:27","modified_gmt":"2018-02-09T13:13:27","slug":"tzr-2","status":"publish","type":"page","link":"https:\/\/snepfsu-amiens.net\/index.php\/tzr-2\/","title":{"rendered":"TZR"},"content":{"rendered":"\t\t<div data-elementor-type=\"wp-page\" data-elementor-id=\"3007\" class=\"elementor elementor-3007 elementor-bc-flex-widget\">\n\t\t\t\t\t\t<section class=\"elementor-section elementor-top-section elementor-element elementor-element-bc6521e elementor-section-boxed elementor-section-height-default elementor-section-height-default\" data-id=\"bc6521e\" data-element_type=\"section\" data-e-type=\"section\">\n\t\t\t\t\t\t<div class=\"elementor-container elementor-column-gap-default\">\n\t\t\t\t\t<div class=\"elementor-column elementor-col-50 elementor-top-column elementor-element elementor-element-b473cc5\" data-id=\"b473cc5\" data-element_type=\"column\" data-e-type=\"column\">\n\t\t\t<div class=\"elementor-widget-wrap elementor-element-populated\">\n\t\t\t\t\t\t<div class=\"elementor-element elementor-element-87da156 elementor-widget elementor-widget-text-editor\" data-id=\"87da156\" data-element_type=\"widget\" data-e-type=\"widget\" data-widget_type=\"text-editor.default\">\n\t\t\t\t\t\t\t\t\t<p><span class=\"entry-title\">Vous \u00eates actuellement TZR<\/span>.<\/p>\n<p>Saisir des pr\u00e9f\u00e9rences (5 maxi) sur SIAM pendant l&rsquo;ouverture du serveur de mutations Intra acad\u00e9miques.<\/p>\n<p>Adressez une copie de ces pr\u00e9f\u00e9rences \u00e0\u00a0<a href=\"mailto:guillaume.ancelet@gmail.com\">guillaume.ancelet@gmail.com<\/a>\u00a0<\/p>\t\t\t\t\t\t\t\t<\/div>\n\t\t\t\t<div class=\"elementor-element elementor-element-21aadf4 elementor-align-justify elementor-widget elementor-widget-button\" data-id=\"21aadf4\" data-element_type=\"widget\" data-e-type=\"widget\" data-widget_type=\"button.default\">\n\t\t\t\t\t\t\t\t\t\t<a class=\"elementor-button elementor-button-link elementor-size-sm\" href=\"https:\/\/bv.ac-amiens.fr\/iprof\/ServletIprof\" target=\"_blank\">\n\t\t\t\t\t\t<span class=\"elementor-button-content-wrapper\">\n\t\t\t\t\t\t\t\t\t<span class=\"elementor-button-text\">Lien vers SIAM saisie des pr\u00e9f\u00e9rences<\/span>\n\t\t\t\t\t<\/span>\n\t\t\t\t\t<\/a>\n\t\t\t\t\t\t\t\t<\/div>\n\t\t\t\t\t<\/div>\n\t\t<\/div>\n\t\t\t\t<div class=\"elementor-column elementor-col-50 elementor-top-column elementor-element elementor-element-826eac2\" data-id=\"826eac2\" data-element_type=\"column\" data-e-type=\"column\">\n\t\t\t<div class=\"elementor-widget-wrap elementor-element-populated\">\n\t\t\t\t\t\t<div class=\"elementor-element elementor-element-c678f95 elementor-widget elementor-widget-text-editor\" data-id=\"c678f95\" data-element_type=\"widget\" data-e-type=\"widget\" data-widget_type=\"text-editor.default\">\n\t\t\t\t\t\t\t\t\t<p><span class=\"entry-title\">Vous venez d&rsquo;\u00eatre nomm\u00e9 TZR<\/span>.<\/p>\n<p>A l&rsquo;issue de la FPMA vous avez la possibilit\u00e9 de pr\u00e9ciser 5 pr\u00e9f\u00e9rences d&rsquo;affectations. Envoyez les au rectorat \u00e0 <a href=\"mailto:ce.dpe4@ac-amiens.fr\">ce.dpe4@ac-amiens.fr<\/a> et en copie \u00e0 <a href=\"mailto:guillaume.ancelet@gmail.com\">guillaume.ancelet@gmail.com<\/a><\/p>\t\t\t\t\t\t\t\t<\/div>\n\t\t\t\t<div class=\"elementor-element elementor-element-3bd610a elementor-align-justify elementor-widget elementor-widget-button\" data-id=\"3bd610a\" data-element_type=\"widget\" data-e-type=\"widget\" data-widget_type=\"button.default\">\n\t\t\t\t\t\t\t\t\t\t<a class=\"elementor-button elementor-button-link elementor-size-sm\" href=\"http:\/\/www.snepfsu-amiens.net\/amiens\/wp-content\/uploads\/2018\/06\/fiche_zr18.pdf\" target=\"_blank\">\n\t\t\t\t\t\t<span class=\"elementor-button-content-wrapper\">\n\t\t\t\t\t\t\t\t\t<span class=\"elementor-button-text\">Fiche syndicale des pr\u00e9f\u00e9rences \u00e0 renvoyer au SNEP Amiens<\/span>\n\t\t\t\t\t<\/span>\n\t\t\t\t\t<\/a>\n\t\t\t\t\t\t\t\t<\/div>\n\t\t\t\t<div class=\"elementor-element elementor-element-55eed29 elementor-align-justify elementor-widget elementor-widget-button\" data-id=\"55eed29\" data-element_type=\"widget\" data-e-type=\"widget\" data-widget_type=\"button.default\">\n\t\t\t\t\t\t\t\t\t\t<a class=\"elementor-button elementor-button-link elementor-size-sm\" href=\"http:\/\/www.snepfsu-amiens.net\/amiens\/wp-content\/uploads\/2018\/02\/mail-type-pr\u00e9f\u00e9rences-tzr.docx\" target=\"_blank\">\n\t\t\t\t\t\t<span class=\"elementor-button-content-wrapper\">\n\t\t\t\t\t\t\t\t\t<span class=\"elementor-button-text\">Mod\u00e8le de mail pour les 5 pr\u00e9f\u00e9rences<\/span>\n\t\t\t\t\t<\/span>\n\t\t\t\t\t<\/a>\n\t\t\t\t\t\t\t\t<\/div>\n\t\t\t\t\t<\/div>\n\t\t<\/div>\n\t\t\t\t\t<\/div>\n\t\t<\/section>\n\t\t\t\t<section class=\"elementor-section elementor-top-section elementor-element elementor-element-580e832 elementor-section-boxed elementor-section-height-default elementor-section-height-default\" data-id=\"580e832\" data-element_type=\"section\" data-e-type=\"section\">\n\t\t\t\t\t\t<div class=\"elementor-container elementor-column-gap-default\">\n\t\t\t\t\t<div class=\"elementor-column elementor-col-50 elementor-top-column elementor-element elementor-element-78d89a4\" data-id=\"78d89a4\" data-element_type=\"column\" data-e-type=\"column\">\n\t\t\t<div class=\"elementor-widget-wrap elementor-element-populated\">\n\t\t\t\t\t\t<div class=\"elementor-element elementor-element-35e315a elementor-widget elementor-widget-image\" data-id=\"35e315a\" data-element_type=\"widget\" data-e-type=\"widget\" data-widget_type=\"image.default\">\n\t\t\t\t\t\t\t\t\t\t\t\t\t\t\t\t<a href=\"http:\/\/www.snepfsu-amiens.net\/amiens\/wp-content\/uploads\/2018\/02\/carte-des-zr.jpg\" data-src=\"http:\/\/www.snepfsu-amiens.net\/amiens\/wp-content\/uploads\/2018\/02\/carte-des-zr.jpg\" data-thumb=\"http:\/\/www.snepfsu-amiens.net\/amiens\/wp-content\/uploads\/2018\/02\/carte-des-zr.jpg\" class=\"ml-lightbox-enabled\">\n\t\t\t\t\t\t\t<img decoding=\"async\" src=\"http:\/\/www.snepfsu-amiens.net\/amiens\/wp-content\/uploads\/2018\/02\/carte-des-zr.jpg\" title=\"\" alt=\"\" loading=\"lazy\" \/>\t\t\t\t\t\t\t\t<\/a>\n\t\t\t\t\t\t\t\t\t\t\t\t\t\t\t<\/div>\n\t\t\t\t\t<\/div>\n\t\t<\/div>\n\t\t\t\t<div class=\"elementor-column elementor-col-50 elementor-top-column elementor-element elementor-element-9bca59d\" data-id=\"9bca59d\" data-element_type=\"column\" data-e-type=\"column\">\n\t\t\t<div class=\"elementor-widget-wrap elementor-element-populated\">\n\t\t\t\t\t\t<div class=\"elementor-element elementor-element-9fcad18 elementor-widget elementor-widget-text-editor\" data-id=\"9fcad18\" data-element_type=\"widget\" data-e-type=\"widget\" data-widget_type=\"text-editor.default\">\n\t\t\t\t\t\t\t\t\t<p><span class=\"entry-title\" style=\"font-size: 24px;\">Pour toutes questions, contactez les correspondants TZR du SNEP Amiens :<\/span><\/p>\n<p><span style=\"font-family: georgia, palatino, serif; font-size: 14px;\">Sarah Vaillant : 0619336356, <\/span><a style=\"font-family: georgia, palatino, serif; font-size: 14px;\" href=\"mailto:sarah.008@hotmail.fr\">sarah.008@hotmail.fr<\/a><\/p>\n<p><span style=\"font-family: georgia, palatino, serif; font-size: 14px;\">Pamela Svetojevic : 0785988684,\u00a0<a href=\"mailto:pamela.svetojevic@ac-amiens.fr\">pamela.svetojevic@ac-amiens.fr<\/a><\/span><\/p>\t\t\t\t\t\t\t\t<\/div>\n\t\t\t\t\t<\/div>\n\t\t<\/div>\n\t\t\t\t\t<\/div>\n\t\t<\/section>\n\t\t\t\t<section class=\"elementor-section elementor-top-section elementor-element elementor-element-b7c9da1 elementor-section-boxed elementor-section-height-default elementor-section-height-default\" data-id=\"b7c9da1\" data-element_type=\"section\" data-e-type=\"section\">\n\t\t\t\t\t\t<div class=\"elementor-container elementor-column-gap-default\">\n\t\t\t\t\t<div class=\"elementor-column elementor-col-50 elementor-top-column elementor-element elementor-element-079bb5f\" data-id=\"079bb5f\" data-element_type=\"column\" data-e-type=\"column\">\n\t\t\t<div class=\"elementor-widget-wrap elementor-element-populated\">\n\t\t\t\t\t\t<div class=\"elementor-element elementor-element-f917b4f elementor-widget elementor-widget-text-editor\" data-id=\"f917b4f\" data-element_type=\"widget\" data-e-type=\"widget\" data-widget_type=\"text-editor.default\">\n\t\t\t\t\t\t\t\t\t<p><span class=\"entry-title\">1er GT Affectation des TZR (D\u00e9but Juillet)<\/span><\/p>\n<ul>\n<li>Attribution d&rsquo;un RAD (rattachement administratif) pour tous les TZR<\/li>\n<\/ul>\n<ul>\n<li>Quelques AFA (Affectations \u00e0 l&rsquo;ann\u00e9e) pour les moyens disponibles connus.<\/li>\n<\/ul>\t\t\t\t\t\t\t\t<\/div>\n\t\t\t\t<div class=\"elementor-element elementor-element-60a007b elementor-widget elementor-widget-spacer\" data-id=\"60a007b\" data-element_type=\"widget\" data-e-type=\"widget\" data-widget_type=\"spacer.default\">\n\t\t\t\t\t\t\t<div class=\"elementor-spacer\">\n\t\t\t<div class=\"elementor-spacer-inner\"><\/div>\n\t\t<\/div>\n\t\t\t\t\t\t<\/div>\n\t\t\t\t\t<\/div>\n\t\t<\/div>\n\t\t\t\t<div class=\"elementor-column elementor-col-50 elementor-top-column elementor-element elementor-element-b798d76\" data-id=\"b798d76\" data-element_type=\"column\" data-e-type=\"column\">\n\t\t\t<div class=\"elementor-widget-wrap elementor-element-populated\">\n\t\t\t\t\t\t<div class=\"elementor-element elementor-element-bd7c160 elementor-widget elementor-widget-text-editor\" data-id=\"bd7c160\" data-element_type=\"widget\" data-e-type=\"widget\" data-widget_type=\"text-editor.default\">\n\t\t\t\t\t\t\t\t\t<p><span class=\"entry-title\">2\u00e8me GT Affectation des TZR (Fin Ao\u00fbt)<\/span><\/p>\n<ul>\n<li>\u00a0Suite des AFA pour les derniers moyens disponibles en \u00e9tablissement.<\/li>\n<li>Affectation des 1\u00e8re suppl\u00e9ances courtes pour les absences d\u00e9j\u00e0 connues (cong\u00e9s mater &#8230;)<\/li>\n<li>Vous n&rsquo;avez pas d&rsquo;AFA ou de suppl\u00e9ance \u00e0 la rentr\u00e9e, allez faire la pr\u00e9rentr\u00e9e dans votre \u00e9tablissement de RAD et engagez vous sur un Emploi du temps de substitution n\u00e9goci\u00e9 avec l&rsquo;\u00e9quipe EPS et la direction.<\/li>\n<\/ul>\t\t\t\t\t\t\t\t<\/div>\n\t\t\t\t\t<\/div>\n\t\t<\/div>\n\t\t\t\t\t<\/div>\n\t\t<\/section>\n\t\t\t\t<\/div>\n\t\t","protected":false},"excerpt":{"rendered":"<p>Vous \u00eates actuellement TZR. Saisir des pr\u00e9f\u00e9rences (5 maxi) sur SIAM pendant l&rsquo;ouverture du serveur de mutations Intra acad\u00e9miques. Adressez<\/p>\n","protected":false},"author":1,"featured_media":6352,"parent":0,"menu_order":0,"comment_status":"closed","ping_status":"closed","template":"","meta":{"colormag_page_container_layout":"default_layout","colormag_page_sidebar_layout":"default_layout","footnotes":""},"class_list":["post-3007","page","type-page","status-publish","has-post-thumbnail","hentry"],"_links":{"self":[{"href":"https:\/\/snepfsu-amiens.net\/index.php\/wp-json\/wp\/v2\/pages\/3007","targetHints":{"allow":["GET"]}}],"collection":[{"href":"https:\/\/snepfsu-amiens.net\/index.php\/wp-json\/wp\/v2\/pages"}],"about":[{"href":"https:\/\/snepfsu-amiens.net\/index.php\/wp-json\/wp\/v2\/types\/page"}],"author":[{"embeddable":true,"href":"https:\/\/snepfsu-amiens.net\/index.php\/wp-json\/wp\/v2\/users\/1"}],"replies":[{"embeddable":true,"href":"https:\/\/snepfsu-amiens.net\/index.php\/wp-json\/wp\/v2\/comments?post=3007"}],"version-history":[{"count":0,"href":"https:\/\/snepfsu-amiens.net\/index.php\/wp-json\/wp\/v2\/pages\/3007\/revisions"}],"wp:attachment":[{"href":"https:\/\/snepfsu-amiens.net\/index.php\/wp-json\/wp\/v2\/media?parent=3007"}],"curies":[{"name":"wp","href":"https:\/\/api.w.org\/{rel}","templated":true}]}}